{"id":3001,"date":"2024-05-02T18:36:24","date_gmt":"2024-05-02T18:36:24","guid":{"rendered":"https:\/\/greendotnew.wpenginepowered.com\/nuestro-consejo\/"},"modified":"2024-08-09T07:07:12","modified_gmt":"2024-08-09T07:07:12","slug":"nuestro-consejo","status":"publish","type":"page","link":"https:\/\/greendot.org\/es\/nuestro-consejo\/","title":{"rendered":"Nuestro Consejo"},"content":{"rendered":"\t\t<div data-elementor-type=\"wp-page\" data-elementor-id=\"3001\" class=\"elementor elementor-3001 elementor-547\" data-elementor-post-type=\"page\">\n\t\t\t\t<div class=\"elementor-element elementor-element-951b64b e-con-full e-flex elementor-invisible e-con e-parent\" data-id=\"951b64b\" data-element_type=\"container\" data-settings=\"{&quot;background_background&quot;:&quot;classic&quot;,&quot;animation&quot;:&quot;zoomIn&quot;}\">\n\t\t\t\t<div class=\"elementor-element elementor-element-69d613a hero-heading elementor-widget elementor-widget-heading\" data-id=\"69d613a\" data-element_type=\"widget\" data-widget_type=\"heading.default\">\n\t\t\t\t<div class=\"elementor-widget-container\">\n\t\t\t\t\t<h1 class=\"elementor-heading-title elementor-size-default\">Junta Directiva de<br>Green Dot<\/h1>\t\t\t\t<\/div>\n\t\t\t\t<\/div>\n\t\t\t\t<div class=\"elementor-element elementor-element-a3bd44b elementor-absolute ui-float-widget elementor-widget elementor-widget-image\" data-id=\"a3bd44b\" data-element_type=\"widget\" data-settings=\"{&quot;_position&quot;:&quot;absolute&quot;}\" data-widget_type=\"image.default\">\n\t\t\t\t<div class=\"elementor-widget-container\">\n\t\t\t\t\t\t\t\t\t\t\t\t\t\t\t<img fetchpriority=\"high\" decoding=\"async\" width=\"300\" height=\"300\" src=\"https:\/\/greendot.org\/wp-content\/uploads\/2024\/05\/circle_green.png\" class=\"attachment-medium size-medium wp-image-1377\" alt=\"\" srcset=\"https:\/\/greendot.org\/wp-content\/uploads\/2024\/05\/circle_green.png 300w, https:\/\/greendot.org\/wp-content\/uploads\/2024\/05\/elementor\/thumbs\/circle_green-qnwj9rp3d48ipdnyv71xbp0385vn2qr0m75hr9sw9o.png 150w, https:\/\/greendot.org\/wp-content\/uploads\/2024\/05\/elementor\/thumbs\/circle_green-qnwj9rp3z1mqidqu2nhidqf9qtzgemcvk3g2tz1ia8.png 200w\" sizes=\"(max-width: 300px) 100vw, 300px\" \/>\t\t\t\t\t\t\t\t\t\t\t\t\t\t\t<\/div>\n\t\t\t\t<\/div>\n\t\t\t\t<\/div>\n\t\t<div class=\"elementor-element elementor-element-059581e e-con-full e-flex e-con e-parent\" data-id=\"059581e\" data-element_type=\"container\">\n\t\t<div class=\"elementor-element elementor-element-2c980cf e-con-full e-flex e-con e-child\" data-id=\"2c980cf\" data-element_type=\"container\" data-settings=\"{&quot;background_background&quot;:&quot;classic&quot;}\">\n\t\t\t\t<\/div>\n\t\t\t\t<\/div>\n\t\t<div class=\"elementor-element elementor-element-afd06f5 e-flex e-con-boxed e-con e-parent\" data-id=\"afd06f5\" data-element_type=\"container\">\n\t\t\t\t\t<div class=\"e-con-inner\">\n\t\t\t\t<div class=\"elementor-element elementor-element-2596034 elementor-widget elementor-widget-spacer\" data-id=\"2596034\" data-element_type=\"widget\" data-widget_type=\"spacer.default\">\n\t\t\t\t<div class=\"elementor-widget-container\">\n\t\t\t\t\t\t\t<div class=\"elementor-spacer\">\n\t\t\t<div class=\"elementor-spacer-inner\"><\/div>\n\t\t<\/div>\n\t\t\t\t\t\t<\/div>\n\t\t\t\t<\/div>\n\t\t\t\t\t<\/div>\n\t\t\t\t<\/div>\n\t\t<div class=\"elementor-element elementor-element-e86a996 e-flex e-con-boxed e-con e-parent\" data-id=\"e86a996\" data-element_type=\"container\">\n\t\t\t\t\t<div class=\"e-con-inner\">\n\t\t<div class=\"elementor-element elementor-element-53ca692 e-con-full e-flex e-con e-child\" data-id=\"53ca692\" data-element_type=\"container\">\n\t\t\t\t<div class=\"elementor-element elementor-element-e02d5a3 elementor-widget elementor-widget-image\" data-id=\"e02d5a3\" data-element_type=\"widget\" data-widget_type=\"image.default\">\n\t\t\t\t<div class=\"elementor-widget-container\">\n\t\t\t\t\t\t\t\t\t\t\t\t\t\t\t<img decoding=\"async\" src=\"https:\/\/greendot.org\/wp-content\/uploads\/elementor\/thumbs\/2-qqixg8sbbbp6xi6avcwqglf1151b8gckxfa2dbqhxg.png\" title=\"2\" alt=\"2\" class=\"elementor-animation-shrink\" loading=\"lazy\" \/>\t\t\t\t\t\t\t\t\t\t\t\t\t\t\t<\/div>\n\t\t\t\t<\/div>\n\t\t\t\t<div class=\"elementor-element elementor-element-05e916d elementor-widget elementor-widget-heading\" data-id=\"05e916d\" data-element_type=\"widget\" data-widget_type=\"heading.default\">\n\t\t\t\t<div class=\"elementor-widget-container\">\n\t\t\t\t\t<h2 class=\"elementor-heading-title elementor-size-default\">Kevin S. Reed - Presidente del Consejo <\/h2>\t\t\t\t<\/div>\n\t\t\t\t<\/div>\n\t\t\t\t<div class=\"elementor-element elementor-element-90a2ff2 elementor-widget elementor-widget-heading\" data-id=\"90a2ff2\" data-element_type=\"widget\" data-widget_type=\"heading.default\">\n\t\t\t\t<div class=\"elementor-widget-container\">\n\t\t\t\t\t<h2 class=\"elementor-heading-title elementor-size-default\">Vicepresidente y Consejero General de la Universidad de Oreg\u00f3n<\/h2>\t\t\t\t<\/div>\n\t\t\t\t<\/div>\n\t\t\t\t<\/div>\n\t\t<div class=\"elementor-element elementor-element-88afbb5 e-con-full e-flex elementor-invisible e-con e-child\" data-id=\"88afbb5\" data-element_type=\"container\" data-settings=\"{&quot;animation&quot;:&quot;fadeInRight&quot;}\">\n\t\t\t\t<div class=\"elementor-element elementor-element-1ccecf4 elementor-hidden-tablet_extra elementor-hidden-tablet elementor-hidden-mobile_extra elementor-hidden-mobile elementor-widget elementor-widget-text-editor\" data-id=\"1ccecf4\" data-element_type=\"widget\" data-widget_type=\"text-editor.default\">\n\t\t\t\t<div class=\"elementor-widget-container\">\n\t\t\t\t\t\t\t\t\t<p>Kevin Reed es Vicepresidente y Consejero General de la Universidad de Oreg\u00f3n, y anteriormente fue Vicerrector de Asuntos Jur\u00eddicos de la UCLA. Abogado de derechos civiles de formaci\u00f3n, Reed fue consejero general del Distrito Escolar Unificado de Los \u00c1ngeles (LAUSD), el segundo distrito escolar m\u00e1s grande del pa\u00eds. Antes de incorporarse al LAUSD, Reed trabaj\u00f3 seis a\u00f1os como abogado director de la oficina regional occidental del Fondo de Defensa Legal y Educaci\u00f3n de la NAACP, Inc. Despu\u00e9s, pas\u00f3 casi ocho a\u00f1os en un bufete de litigios. Reed obtuvo su licenciatura en Derecho, cum laude, en la Facultad de Derecho de Harvard y su licenciatura, con distinci\u00f3n, en la Universidad de Virginia. Es miembro de los Colegios de Abogados de California, Nueva York y Massachusetts.<\/p>\n\t\t\t\t\t\t\t\t<\/div>\n\t\t\t\t<\/div>\n\t\t<div class=\"elementor-element elementor-element-bff8703 e-con-full elementor-hidden-widescreen elementor-hidden-desktop elementor-hidden-laptop e-flex e-con e-child\" data-id=\"bff8703\" data-element_type=\"container\">\n\t\t\t\t<div class=\"elementor-element elementor-element-af07c99 elementor-widget elementor-widget-text-editor\" data-id=\"af07c99\" data-element_type=\"widget\" data-widget_type=\"text-editor.default\">\n\t\t\t\t<div class=\"elementor-widget-container\">\n\t\t\t\t\t\t\t\t\t<p>Kevin Reed es Vicepresidente y Consejero General de la Universidad de Oreg\u00f3n, y anteriormente fue Vicerrector de Asuntos Jur\u00eddicos de la UCLA. Abogado de derechos civiles de formaci\u00f3n, Reed fue consejero general del Distrito Escolar Unificado de Los \u00c1ngeles (LAUSD), el segundo distrito escolar m\u00e1s grande del pa\u00eds.<\/p>\n\t\t\t\t\t\t\t\t<\/div>\n\t\t\t\t<\/div>\n\t\t\t\t<div class=\"elementor-element elementor-element-b882fd5 elementor-widget elementor-widget-bdt-toggle\" data-id=\"b882fd5\" data-element_type=\"widget\" data-widget_type=\"bdt-toggle.default\">\n\t\t\t\t<div class=\"elementor-widget-container\">\n\t\t\t\t\t\n        <div class=\"bdt-show-hide-container\">\n            <div id=\"bdt-show-hide-b882fd5\" class=\"bdt-show-hide\" data-settings=\"{&quot;id&quot;:&quot;b882fd5&quot;,&quot;status_scrollspy&quot;:&quot;no&quot;,&quot;scrollspy_top_offset&quot;:70,&quot;scrollspy_time&quot;:1000,&quot;toggle_initially_open&quot;:&quot; &quot;,&quot;by_widget_selector_status&quot;:&quot;no&quot;,&quot;viewport_lg&quot;:1023,&quot;viewport_md&quot;:767}\">\n                <div class=\"bdt-show-hide-item \">\n                    <div class=\"bdt-show-hide-content\">\n                        Antes de incorporarse al LAUSD, Reed trabaj\u00f3 seis a\u00f1os como abogado director de la oficina regional occidental del Fondo de Defensa Legal y Educaci\u00f3n de la NAACP, Inc. Despu\u00e9s, pas\u00f3 casi ocho a\u00f1os en un bufete de litigios. Reed obtuvo su licenciatura en Derecho, cum laude, en la Facultad de Derecho de Harvard y su licenciatura, con distinci\u00f3n, en la Universidad de Virginia. Es miembro de los Colegios de Abogados de California, Nueva York y Massachusetts.                    <\/div>\n\n                    <a class=\"bdt-show-hide-title\" href='javascript:void(0)'>\n                        <!--  -->\n                                                <!--  -->\n                        <span class=\"bdt-toggle-open\">\n                            Sigue leyendo                        <\/span>\n                        <span class=\"bdt-toggle-close\">\n                            Colapso                        <\/span>\n                        \n                    <\/a>\n                <\/div>\n            <\/div>\n        <\/div>\n\n\t\t\t\t<\/div>\n\t\t\t\t<\/div>\n\t\t\t\t<\/div>\n\t\t\t\t<\/div>\n\t\t\t\t\t<\/div>\n\t\t\t\t<\/div>\n\t\t<div class=\"elementor-element elementor-element-1b6de90 e-flex e-con-boxed e-con e-parent\" data-id=\"1b6de90\" data-element_type=\"container\">\n\t\t\t\t\t<div class=\"e-con-inner\">\n\t\t<div class=\"elementor-element elementor-element-b208319 e-con-full e-flex e-con e-child\" data-id=\"b208319\" data-element_type=\"container\">\n\t\t\t\t<div class=\"elementor-element elementor-element-586adbe elementor-widget elementor-widget-image\" data-id=\"586adbe\" data-element_type=\"widget\" data-widget_type=\"image.default\">\n\t\t\t\t<div class=\"elementor-widget-container\">\n\t\t\t\t\t\t\t\t\t\t\t\t\t\t\t<img decoding=\"async\" src=\"https:\/\/greendot.org\/wp-content\/uploads\/elementor\/thumbs\/jon-goodman-qqgc514iy96v5xmabbj7ka3mo662pki9qv4r9wh2ro.png\" title=\"Jon Goodman\" alt=\"Jon Goodman\" class=\"elementor-animation-shrink\" loading=\"lazy\" \/>\t\t\t\t\t\t\t\t\t\t\t\t\t\t\t<\/div>\n\t\t\t\t<\/div>\n\t\t\t\t<div class=\"elementor-element elementor-element-96e580f elementor-widget elementor-widget-heading\" data-id=\"96e580f\" data-element_type=\"widget\" data-widget_type=\"heading.default\">\n\t\t\t\t<div class=\"elementor-widget-container\">\n\t\t\t\t\t<h2 class=\"elementor-heading-title elementor-size-default\">Jon Goodman - Vicepresidente y Secretario del Consejo <\/h2>\t\t\t\t<\/div>\n\t\t\t\t<\/div>\n\t\t\t\t<div class=\"elementor-element elementor-element-f9e39a6 elementor-widget elementor-widget-heading\" data-id=\"f9e39a6\" data-element_type=\"widget\" data-widget_type=\"heading.default\">\n\t\t\t\t<div class=\"elementor-widget-container\">\n\t\t\t\t\t<h2 class=\"elementor-heading-title elementor-size-default\">Ex Presidenta del Ayuntamiento de Los \u00c1ngeles<\/h2>\t\t\t\t<\/div>\n\t\t\t\t<\/div>\n\t\t\t\t<\/div>\n\t\t<div class=\"elementor-element elementor-element-d2452d7 e-con-full e-flex elementor-invisible e-con e-child\" data-id=\"d2452d7\" data-element_type=\"container\" data-settings=\"{&quot;animation&quot;:&quot;fadeInRight&quot;}\">\n\t\t\t\t<div class=\"elementor-element elementor-element-d5c65df elementor-hidden-tablet_extra elementor-hidden-tablet elementor-hidden-mobile_extra elementor-hidden-mobile elementor-widget elementor-widget-text-editor\" data-id=\"d5c65df\" data-element_type=\"widget\" data-widget_type=\"text-editor.default\">\n\t\t\t\t<div class=\"elementor-widget-container\">\n\t\t\t\t\t\t\t\t\tJon Goodman, ex Presidente del Ayuntamiento de Los \u00c1ngeles, ha ocupado varios puestos de liderazgo en proyectos destinados a fortalecer la regi\u00f3n de Los \u00c1ngeles, as\u00ed como en el mundo acad\u00e9mico y empresarial fuera de California. Bajo su direcci\u00f3n, el Ayuntamiento de Los \u00c1ngeles se convirti\u00f3 en el lugar elegido por los l\u00edderes mundiales de los negocios, la pol\u00edtica y la cultura. Antes del Ayuntamiento, como Director de la Incubadora EC2 del Centro Annenberg de la Universidad del Sur de California, Goodman cre\u00f3 y dirigi\u00f3 la primera incubadora de nuevos medios de comunicaci\u00f3n del pa\u00eds. Antes de fundar EC2, fue Directora del Programa de Emprendedores de la USC, donde lo llev\u00f3 a los cinco primeros puestos de la clasificaci\u00f3n nacional. Antes de trasladarse a Los \u00c1ngeles, Goodman trabaj\u00f3 como profesor de investigaci\u00f3n y como fundador y Director del Centro de Desarrollo de la Peque\u00f1a Empresa de la Universidad de Houston\/Costa del Golfo, en el Bauer College of Business Administration. Goodman se doctor\u00f3 en Estrategia y Microeconom\u00eda \t\t\t\t\t\t\t\t<\/div>\n\t\t\t\t<\/div>\n\t\t<div class=\"elementor-element elementor-element-be6bf2a e-con-full elementor-hidden-widescreen elementor-hidden-desktop elementor-hidden-laptop e-flex e-con e-child\" data-id=\"be6bf2a\" data-element_type=\"container\">\n\t\t\t\t<div class=\"elementor-element elementor-element-5456a19 elementor-widget elementor-widget-text-editor\" data-id=\"5456a19\" data-element_type=\"widget\" data-widget_type=\"text-editor.default\">\n\t\t\t\t<div class=\"elementor-widget-container\">\n\t\t\t\t\t\t\t\t\t<p>Jon Goodman, ex Presidente del Ayuntamiento de Los \u00c1ngeles, ha ocupado varios puestos de liderazgo en proyectos destinados a fortalecer la regi\u00f3n de Los \u00c1ngeles, as\u00ed como en el mundo acad\u00e9mico y empresarial fuera de California. Bajo su direcci\u00f3n, el Ayuntamiento de Los \u00c1ngeles se convirti\u00f3 en el lugar elegido por los l\u00edderes mundiales de los negocios, la pol\u00edtica y la cultura. <\/p>\n\t\t\t\t\t\t\t\t<\/div>\n\t\t\t\t<\/div>\n\t\t\t\t<div class=\"elementor-element elementor-element-f472f23 elementor-widget elementor-widget-bdt-toggle\" data-id=\"f472f23\" data-element_type=\"widget\" data-widget_type=\"bdt-toggle.default\">\n\t\t\t\t<div class=\"elementor-widget-container\">\n\t\t\t\t\t\n        <div class=\"bdt-show-hide-container\">\n            <div id=\"bdt-show-hide-f472f23\" class=\"bdt-show-hide\" data-settings=\"{&quot;id&quot;:&quot;f472f23&quot;,&quot;status_scrollspy&quot;:&quot;no&quot;,&quot;scrollspy_top_offset&quot;:70,&quot;scrollspy_time&quot;:1000,&quot;toggle_initially_open&quot;:&quot; &quot;,&quot;by_widget_selector_status&quot;:&quot;no&quot;,&quot;viewport_lg&quot;:1023,&quot;viewport_md&quot;:767}\">\n                <div class=\"bdt-show-hide-item \">\n                    <div class=\"bdt-show-hide-content\">\n                        Antes del Ayuntamiento, como Director de la Incubadora EC2 del Centro Annenberg de la Universidad del Sur de California, Goodman cre\u00f3 y dirigi\u00f3 la primera incubadora de nuevos medios de comunicaci\u00f3n del pa\u00eds. Antes de fundar EC2, fue Directora del Programa de Emprendedores de la USC, donde lo llev\u00f3 a los cinco primeros puestos de la clasificaci\u00f3n nacional. Antes de trasladarse a Los \u00c1ngeles, Goodman trabaj\u00f3 como profesor de investigaci\u00f3n y como fundador y Director del Centro de Desarrollo de la Peque\u00f1a Empresa de la Universidad de Houston\/Costa del Golfo, en el Bauer College of Business Administration. Goodman obtuvo su doctorado en Estrategia y Microeconom\u00eda en la Universidad de Georgia, y su MBA en la Universidad de Connecticut.                    <\/div>\n\n                    <a class=\"bdt-show-hide-title\" href='javascript:void(0)'>\n                        <!--  -->\n                                                <!--  -->\n                        <span class=\"bdt-toggle-open\">\n                            Sigue leyendo                        <\/span>\n                        <span class=\"bdt-toggle-close\">\n                            Colapso                        <\/span>\n                        \n                    <\/a>\n                <\/div>\n            <\/div>\n        <\/div>\n\n\t\t\t\t<\/div>\n\t\t\t\t<\/div>\n\t\t\t\t<\/div>\n\t\t\t\t<\/div>\n\t\t\t\t\t<\/div>\n\t\t\t\t<\/div>\n\t\t<div class=\"elementor-element elementor-element-fa1ab00 e-flex e-con-boxed e-con e-parent\" data-id=\"fa1ab00\" data-element_type=\"container\">\n\t\t\t\t\t<div class=\"e-con-inner\">\n\t\t<div class=\"elementor-element elementor-element-732cc51 e-con-full e-flex e-con e-child\" data-id=\"732cc51\" data-element_type=\"container\">\n\t\t\t\t<div class=\"elementor-element elementor-element-deeb8e4 elementor-widget elementor-widget-image\" data-id=\"deeb8e4\" data-element_type=\"widget\" data-widget_type=\"image.default\">\n\t\t\t\t<div class=\"elementor-widget-container\">\n\t\t\t\t\t\t\t\t\t\t\t\t\t\t\t<img decoding=\"async\" src=\"https:\/\/greendot.org\/wp-content\/uploads\/elementor\/thumbs\/3-qqixgk2dlc4mstpx1hs9aikk5rhpstlcyz3w4n9rus.png\" title=\"3\" alt=\"3\" class=\"elementor-animation-shrink\" loading=\"lazy\" \/>\t\t\t\t\t\t\t\t\t\t\t\t\t\t\t<\/div>\n\t\t\t\t<\/div>\n\t\t\t\t<div class=\"elementor-element elementor-element-b1ea720 elementor-widget elementor-widget-heading\" data-id=\"b1ea720\" data-element_type=\"widget\" data-widget_type=\"heading.default\">\n\t\t\t\t<div class=\"elementor-widget-container\">\n\t\t\t\t\t<h2 class=\"elementor-heading-title elementor-size-default\">Peter Scranton <\/h2>\t\t\t\t<\/div>\n\t\t\t\t<\/div>\n\t\t\t\t<div class=\"elementor-element elementor-element-1f0ea21 elementor-widget elementor-widget-heading\" data-id=\"1f0ea21\" data-element_type=\"widget\" data-widget_type=\"heading.default\">\n\t\t\t\t<div class=\"elementor-widget-container\">\n\t\t\t\t\t<h2 class=\"elementor-heading-title elementor-size-default\">Emprendedor<\/h2>\t\t\t\t<\/div>\n\t\t\t\t<\/div>\n\t\t\t\t<\/div>\n\t\t<div class=\"elementor-element elementor-element-3a66251 e-con-full e-flex elementor-invisible e-con e-child\" data-id=\"3a66251\" data-element_type=\"container\" data-settings=\"{&quot;animation&quot;:&quot;fadeInRight&quot;}\">\n\t\t\t\t<div class=\"elementor-element elementor-element-f0d015c elementor-hidden-tablet_extra elementor-hidden-tablet elementor-hidden-mobile_extra elementor-hidden-mobile elementor-widget elementor-widget-text-editor\" data-id=\"f0d015c\" data-element_type=\"widget\" data-widget_type=\"text-editor.default\">\n\t\t\t\t<div class=\"elementor-widget-container\">\n\t\t\t\t\t\t\t\t\tPeter Scranton ha desarrollado empresas de riesgo en fase inicial, incluida una sociedad de riesgo empresarial en marketing minorista y una empresa de servicios empresariales dedicada a fomentar el compromiso y la productividad de los empleados. Antes de desarrollar oportunidades de emprendimiento, el Sr. Scranton trabaj\u00f3 en estrategia de clientes, desarrollo de capital, evaluaci\u00f3n de comunidades y planificaci\u00f3n de viabilidad y desarrollo de proyectos sanitarios y cient\u00edficos para Jensen + Partners, una empresa de gesti\u00f3n de proyectos y construcci\u00f3n. El Sr. Scranton fue director del Atlantic Advisory Group, concentr\u00e1ndose en alianzas estrat\u00e9gicas, gesti\u00f3n de procesos y obtenci\u00f3n de capital para empresas de alta tecnolog\u00eda e Internet. Anteriormente, el Sr. Scranton desarroll\u00f3 una empresa que proporcionaba an\u00e1lisis pol\u00edticos a trav\u00e9s de la Web y asesoraba a empresas de edu-entretenimiento. Obtuvo un M\u00e1ster en Administraci\u00f3n de Empresas en la Universidad de Antioqu\u00eda y su licenciatura en la Universidad de Yale.\t\t\t\t\t\t\t\t<\/div>\n\t\t\t\t<\/div>\n\t\t<div class=\"elementor-element elementor-element-639e63a e-con-full elementor-hidden-widescreen elementor-hidden-desktop elementor-hidden-laptop e-flex e-con e-child\" data-id=\"639e63a\" data-element_type=\"container\">\n\t\t\t\t<div class=\"elementor-element elementor-element-faa90fb elementor-widget elementor-widget-text-editor\" data-id=\"faa90fb\" data-element_type=\"widget\" data-widget_type=\"text-editor.default\">\n\t\t\t\t<div class=\"elementor-widget-container\">\n\t\t\t\t\t\t\t\t\tPeter Scranton Empresario de riesgo Peter Scranton ha desarrollado empresas de riesgo en fase inicial, incluida una sociedad de riesgo empresarial en marketing minorista y una empresa de servicios empresariales dedicada a fomentar el compromiso y la productividad de los empleados. Antes de desarrollar oportunidades de emprendimiento, el Sr. Scranton trabaj\u00f3 en la estrategia de clientes, el desarrollo de capital, la evaluaci\u00f3n de comunidades y la planificaci\u00f3n de la viabilidad y el desarrollo de la atenci\u00f3n sanitaria.\t\t\t\t\t\t\t\t<\/div>\n\t\t\t\t<\/div>\n\t\t\t\t<div class=\"elementor-element elementor-element-1026591 elementor-widget elementor-widget-bdt-toggle\" data-id=\"1026591\" data-element_type=\"widget\" data-widget_type=\"bdt-toggle.default\">\n\t\t\t\t<div class=\"elementor-widget-container\">\n\t\t\t\t\t\n        <div class=\"bdt-show-hide-container\">\n            <div id=\"bdt-show-hide-1026591\" class=\"bdt-show-hide\" data-settings=\"{&quot;id&quot;:&quot;1026591&quot;,&quot;status_scrollspy&quot;:&quot;no&quot;,&quot;scrollspy_top_offset&quot;:70,&quot;scrollspy_time&quot;:1000,&quot;toggle_initially_open&quot;:&quot; &quot;,&quot;by_widget_selector_status&quot;:&quot;no&quot;,&quot;viewport_lg&quot;:1023,&quot;viewport_md&quot;:767}\">\n                <div class=\"bdt-show-hide-item \">\n                    <div class=\"bdt-show-hide-content\">\n                        y proyectos cient\u00edficos para Jensen + Partners, empresa de gesti\u00f3n de proyectos y construcci\u00f3n. El Sr. Scranton fue director del Atlantic Advisory Group, concentr\u00e1ndose en alianzas estrat\u00e9gicas, gesti\u00f3n de procesos y obtenci\u00f3n de capital para empresas de alta tecnolog\u00eda e Internet. Anteriormente, el Sr. Scranton desarroll\u00f3 una empresa que proporcionaba an\u00e1lisis pol\u00edticos a trav\u00e9s de la Web y asesoraba a empresas de edu-entretenimiento. Obtuvo un M\u00e1ster en Administraci\u00f3n de Empresas en la Universidad de Antioqu\u00eda y su licenciatura en la Universidad de Yale.                    <\/div>\n\n                    <a class=\"bdt-show-hide-title\" href='javascript:void(0)'>\n                        <!--  -->\n                                                <!--  -->\n                        <span class=\"bdt-toggle-open\">\n                            Sigue leyendo                        <\/span>\n                        <span class=\"bdt-toggle-close\">\n                            Colapso                        <\/span>\n                        \n                    <\/a>\n                <\/div>\n            <\/div>\n        <\/div>\n\n\t\t\t\t<\/div>\n\t\t\t\t<\/div>\n\t\t\t\t<\/div>\n\t\t\t\t<\/div>\n\t\t\t\t\t<\/div>\n\t\t\t\t<\/div>\n\t\t<div class=\"elementor-element elementor-element-64f29dd e-flex e-con-boxed e-con e-parent\" data-id=\"64f29dd\" data-element_type=\"container\">\n\t\t\t\t\t<div class=\"e-con-inner\">\n\t\t<div class=\"elementor-element elementor-element-ec8853b e-con-full e-flex e-con e-child\" data-id=\"ec8853b\" data-element_type=\"container\">\n\t\t\t\t<div class=\"elementor-element elementor-element-9cc50f6 elementor-widget elementor-widget-image\" data-id=\"9cc50f6\" data-element_type=\"widget\" data-widget_type=\"image.default\">\n\t\t\t\t<div class=\"elementor-widget-container\">\n\t\t\t\t\t\t\t\t\t\t\t\t\t\t\t<img decoding=\"async\" src=\"https:\/\/greendot.org\/wp-content\/uploads\/elementor\/thumbs\/LoiusGomez-qqgc514iy96v5xmabbj7ka3mo662pki9qv4r9wh2ro.png\" title=\"Louis Gomez\" alt=\"Louis Gomez\" class=\"elementor-animation-shrink\" loading=\"lazy\" \/>\t\t\t\t\t\t\t\t\t\t\t\t\t\t\t<\/div>\n\t\t\t\t<\/div>\n\t\t\t\t<div class=\"elementor-element elementor-element-d84b807 elementor-widget elementor-widget-heading\" data-id=\"d84b807\" data-element_type=\"widget\" data-widget_type=\"heading.default\">\n\t\t\t\t<div class=\"elementor-widget-container\">\n\t\t\t\t\t<h2 class=\"elementor-heading-title elementor-size-default\">Luis G\u00f3mez <\/h2>\t\t\t\t<\/div>\n\t\t\t\t<\/div>\n\t\t\t\t<div class=\"elementor-element elementor-element-91a48f5 elementor-widget elementor-widget-heading\" data-id=\"91a48f5\" data-element_type=\"widget\" data-widget_type=\"heading.default\">\n\t\t\t\t<div class=\"elementor-widget-container\">\n\t\t\t\t\t<h2 class=\"elementor-heading-title elementor-size-default\">Jefa de Departamento de Educaci\u00f3n, UCLA<\/h2>\t\t\t\t<\/div>\n\t\t\t\t<\/div>\n\t\t\t\t<\/div>\n\t\t<div class=\"elementor-element elementor-element-c147d39 e-con-full e-flex elementor-invisible e-con e-child\" data-id=\"c147d39\" data-element_type=\"container\" data-settings=\"{&quot;animation&quot;:&quot;fadeInRight&quot;}\">\n\t\t\t\t<div class=\"elementor-element elementor-element-cbcb104 elementor-hidden-tablet_extra elementor-hidden-tablet elementor-hidden-mobile_extra elementor-hidden-mobile elementor-widget elementor-widget-text-editor\" data-id=\"cbcb104\" data-element_type=\"widget\" data-widget_type=\"text-editor.default\">\n\t\t\t\t<div class=\"elementor-widget-container\">\n\t\t\t\t\t\t\t\t\tLouis G\u00f3mez es Director del Departamento de Educaci\u00f3n de la UCLA. Tambi\u00e9n es Catedr\u00e1tico de Escolarizaci\u00f3n Urbana y Estudios de la Informaci\u00f3n, y ocupa la C\u00e1tedra MacArthur de Medios Digitales y Aprendizaje en la Escuela de Posgrado de Educaci\u00f3n y Estudios de la Informaci\u00f3n de la UCLA. G\u00f3mez es tambi\u00e9n Senior Fellow de la Fundaci\u00f3n Carnegie para el Avance de la Ense\u00f1anza. Sus intereses de investigaci\u00f3n abarcan la ciencia de la mejora en la educaci\u00f3n, la aplicaci\u00f3n de la inform\u00e1tica y la tecnolog\u00eda de redes a la ense\u00f1anza y el aprendizaje, la ciencia cognitiva aplicada y la interacci\u00f3n persona-ordenador. G\u00f3mez es licenciada en psicolog\u00eda por SUNY-Stony Brook y doctora en psicolog\u00eda cognitiva por la UC Berkeley.\t\t\t\t\t\t\t\t<\/div>\n\t\t\t\t<\/div>\n\t\t<div class=\"elementor-element elementor-element-aa4781d e-con-full elementor-hidden-widescreen elementor-hidden-desktop elementor-hidden-laptop e-flex e-con e-child\" data-id=\"aa4781d\" data-element_type=\"container\">\n\t\t\t\t<div class=\"elementor-element elementor-element-3fb7679 elementor-widget elementor-widget-text-editor\" data-id=\"3fb7679\" data-element_type=\"widget\" data-widget_type=\"text-editor.default\">\n\t\t\t\t<div class=\"elementor-widget-container\">\n\t\t\t\t\t\t\t\t\t<p>Louis G\u00f3mez es Director del Departamento de Educaci\u00f3n de la UCLA. Tambi\u00e9n es Catedr\u00e1tico de Escolarizaci\u00f3n Urbana y Estudios de la Informaci\u00f3n, y ocupa la C\u00e1tedra MacArthur de Medios Digitales y Aprendizaje en la Escuela de Posgrado de Educaci\u00f3n y Estudios de la Informaci\u00f3n de la UCLA. G\u00f3mez es tambi\u00e9n Senior Fellow de la Fundaci\u00f3n Carnegie para el Avance de la Ense\u00f1anza.<\/p>\n\t\t\t\t\t\t\t\t<\/div>\n\t\t\t\t<\/div>\n\t\t\t\t<div class=\"elementor-element elementor-element-055a9f2 elementor-widget elementor-widget-bdt-toggle\" data-id=\"055a9f2\" data-element_type=\"widget\" data-widget_type=\"bdt-toggle.default\">\n\t\t\t\t<div class=\"elementor-widget-container\">\n\t\t\t\t\t\n        <div class=\"bdt-show-hide-container\">\n            <div id=\"bdt-show-hide-055a9f2\" class=\"bdt-show-hide\" data-settings=\"{&quot;id&quot;:&quot;055a9f2&quot;,&quot;status_scrollspy&quot;:&quot;no&quot;,&quot;scrollspy_top_offset&quot;:70,&quot;scrollspy_time&quot;:1000,&quot;toggle_initially_open&quot;:&quot; &quot;,&quot;by_widget_selector_status&quot;:&quot;no&quot;,&quot;viewport_lg&quot;:1023,&quot;viewport_md&quot;:767}\">\n                <div class=\"bdt-show-hide-item \">\n                    <div class=\"bdt-show-hide-content\">\n                        Sus intereses de investigaci\u00f3n abarcan la ciencia de la mejora en la educaci\u00f3n, la aplicaci\u00f3n de la inform\u00e1tica y la tecnolog\u00eda de redes a la ense\u00f1anza y el aprendizaje, la ciencia cognitiva aplicada y la interacci\u00f3n persona-ordenador. G\u00f3mez es licenciada en psicolog\u00eda por SUNY-Stony Brook y doctora en psicolog\u00eda cognitiva por la UC Berkeley.                    <\/div>\n\n                    <a class=\"bdt-show-hide-title\" href='javascript:void(0)'>\n                        <!--  -->\n                                                <!--  -->\n                        <span class=\"bdt-toggle-open\">\n                            Sigue leyendo                        <\/span>\n                        <span class=\"bdt-toggle-close\">\n                            Colapso                        <\/span>\n                        \n                    <\/a>\n                <\/div>\n            <\/div>\n        <\/div>\n\n\t\t\t\t<\/div>\n\t\t\t\t<\/div>\n\t\t\t\t<\/div>\n\t\t\t\t<\/div>\n\t\t\t\t\t<\/div>\n\t\t\t\t<\/div>\n\t\t<div class=\"elementor-element elementor-element-6b8517f e-flex e-con-boxed e-con e-parent\" data-id=\"6b8517f\" data-element_type=\"container\">\n\t\t\t\t\t<div class=\"e-con-inner\">\n\t\t<div class=\"elementor-element elementor-element-a6868d9 e-con-full e-flex e-con e-child\" data-id=\"a6868d9\" data-element_type=\"container\">\n\t\t\t\t<div class=\"elementor-element elementor-element-de2eb6a elementor-widget elementor-widget-image\" data-id=\"de2eb6a\" data-element_type=\"widget\" data-widget_type=\"image.default\">\n\t\t\t\t<div class=\"elementor-widget-container\">\n\t\t\t\t\t\t\t\t\t\t\t\t\t\t\t<img decoding=\"async\" src=\"https:\/\/greendot.org\/wp-content\/uploads\/elementor\/thumbs\/5-qqixh6mi5czijgt5drjaycvmf0eixk2x22rjnacbpg.png\" title=\"5\" alt=\"5\" class=\"elementor-animation-shrink\" loading=\"lazy\" \/>\t\t\t\t\t\t\t\t\t\t\t\t\t\t\t<\/div>\n\t\t\t\t<\/div>\n\t\t\t\t<div class=\"elementor-element elementor-element-4abb0ec elementor-widget elementor-widget-heading\" data-id=\"4abb0ec\" data-element_type=\"widget\" data-widget_type=\"heading.default\">\n\t\t\t\t<div class=\"elementor-widget-container\">\n\t\t\t\t\t<h2 class=\"elementor-heading-title elementor-size-default\">Ivette Pe\u00f1a <\/h2>\t\t\t\t<\/div>\n\t\t\t\t<\/div>\n\t\t\t\t<div class=\"elementor-element elementor-element-89f0268 elementor-widget elementor-widget-heading\" data-id=\"89f0268\" data-element_type=\"widget\" data-widget_type=\"heading.default\">\n\t\t\t\t<div class=\"elementor-widget-container\">\n\t\t\t\t\t<h2 class=\"elementor-heading-title elementor-size-default\">Consejero Judicial\/Subjefe de los Servicios Jur\u00eddicos del Tribunal Superior de California, Condado de Los \u00c1ngeles<\/h2>\t\t\t\t<\/div>\n\t\t\t\t<\/div>\n\t\t\t\t<\/div>\n\t\t<div class=\"elementor-element elementor-element-7aa652f e-con-full e-flex elementor-invisible e-con e-child\" data-id=\"7aa652f\" data-element_type=\"container\" data-settings=\"{&quot;animation&quot;:&quot;fadeInRight&quot;}\">\n\t\t\t\t<div class=\"elementor-element elementor-element-eec869a elementor-hidden-tablet_extra elementor-hidden-tablet elementor-hidden-mobile_extra elementor-hidden-mobile elementor-widget elementor-widget-text-editor\" data-id=\"eec869a\" data-element_type=\"widget\" data-widget_type=\"text-editor.default\">\n\t\t\t\t<div class=\"elementor-widget-container\">\n\t\t\t\t\t\t\t\t\tIvette Pe\u00f1a es Consejera Judicial\/Subjefa de los Servicios Jur\u00eddicos del Tribunal Superior de California, Condado de Los \u00c1ngeles. Pe\u00f1a asesora al tribunal en asuntos laborales, de empleo y de personal que afectan a sus empleados, as\u00ed como en otras cuestiones jur\u00eddicas relacionadas con el funcionamiento del tribunal. Tambi\u00e9n gestiona la plantilla de abogados del tribunal. Anteriormente, la Sra. Pe\u00f1a trabaj\u00f3 en un bufete de abogados donde representaba a distritos escolares y colegios comunitarios. En 2013, la Presidenta del Tribunal Supremo, Tani Cantil-Sakauye, nombr\u00f3 a la Sra. Pe\u00f1a asesora de la Comisi\u00f3n Consultiva de Int\u00e9rpretes Judiciales. En 2015, fue nombrada miembro del Grupo de Trabajo para la Implementaci\u00f3n del Plan de Acceso a las Lenguas. La Sra. Pe\u00f1a se licenci\u00f3 en Derecho por la Facultad de Derecho de Harvard, donde tambi\u00e9n fue redactora adjunta de la Revista de Derecho Internacional, ayudante de investigaci\u00f3n del profesor Phillip Heyman y Presidenta de La Alianza. Se licenci\u00f3 en Econom\u00eda y Estudios Urbanos por la Universidad Brown. \t\t\t\t\t\t\t\t<\/div>\n\t\t\t\t<\/div>\n\t\t<div class=\"elementor-element elementor-element-2c2b0df e-con-full elementor-hidden-widescreen elementor-hidden-desktop elementor-hidden-laptop e-flex e-con e-child\" data-id=\"2c2b0df\" data-element_type=\"container\">\n\t\t\t\t<div class=\"elementor-element elementor-element-43eeec1 elementor-widget elementor-widget-text-editor\" data-id=\"43eeec1\" data-element_type=\"widget\" data-widget_type=\"text-editor.default\">\n\t\t\t\t<div class=\"elementor-widget-container\">\n\t\t\t\t\t\t\t\t\t<p>Ivette Pe\u00f1a es Consejera Judicial\/Subjefa de los Servicios Jur\u00eddicos del Tribunal Superior de California, Condado de Los \u00c1ngeles. Pe\u00f1a asesora al tribunal en asuntos laborales, de empleo y de personal que afectan a sus empleados, as\u00ed como en otras cuestiones jur\u00eddicas relacionadas con el funcionamiento del tribunal. Tambi\u00e9n gestiona la plantilla de abogados del tribunal.<\/p>\n\t\t\t\t\t\t\t\t<\/div>\n\t\t\t\t<\/div>\n\t\t\t\t<div class=\"elementor-element elementor-element-2cd7828 elementor-widget elementor-widget-bdt-toggle\" data-id=\"2cd7828\" data-element_type=\"widget\" data-widget_type=\"bdt-toggle.default\">\n\t\t\t\t<div class=\"elementor-widget-container\">\n\t\t\t\t\t\n        <div class=\"bdt-show-hide-container\">\n            <div id=\"bdt-show-hide-2cd7828\" class=\"bdt-show-hide\" data-settings=\"{&quot;id&quot;:&quot;2cd7828&quot;,&quot;status_scrollspy&quot;:&quot;no&quot;,&quot;scrollspy_top_offset&quot;:70,&quot;scrollspy_time&quot;:1000,&quot;toggle_initially_open&quot;:&quot; &quot;,&quot;by_widget_selector_status&quot;:&quot;no&quot;,&quot;viewport_lg&quot;:1023,&quot;viewport_md&quot;:767}\">\n                <div class=\"bdt-show-hide-item \">\n                    <div class=\"bdt-show-hide-content\">\n                        Anteriormente, la Sra. Pe\u00f1a trabaj\u00f3 en un bufete de abogados donde representaba a distritos escolares y colegios comunitarios. En 2013, la Presidenta del Tribunal Supremo, Tani Cantil-Sakauye, nombr\u00f3 a la Sra. Pe\u00f1a asesora de la Comisi\u00f3n Consultiva de Int\u00e9rpretes Judiciales. En 2015, fue nombrada miembro del Grupo de Trabajo para la Implementaci\u00f3n del Plan de Acceso a las Lenguas. La Sra. Pe\u00f1a se licenci\u00f3 en Derecho por la Facultad de Derecho de Harvard, donde tambi\u00e9n fue redactora adjunta de la Revista de Derecho Internacional, ayudante de investigaci\u00f3n del profesor Phillip Heyman y Presidenta de La Alianza. Se licenci\u00f3 en Econom\u00eda y Estudios Urbanos por la Universidad Brown.                     <\/div>\n\n                    <a class=\"bdt-show-hide-title\" href='javascript:void(0)'>\n                        <!--  -->\n                                                <!--  -->\n                        <span class=\"bdt-toggle-open\">\n                            Sigue leyendo                        <\/span>\n                        <span class=\"bdt-toggle-close\">\n                            Colapso                        <\/span>\n                        \n                    <\/a>\n                <\/div>\n            <\/div>\n        <\/div>\n\n\t\t\t\t<\/div>\n\t\t\t\t<\/div>\n\t\t\t\t<\/div>\n\t\t\t\t<\/div>\n\t\t\t\t\t<\/div>\n\t\t\t\t<\/div>\n\t\t<div class=\"elementor-element elementor-element-5390cd4 e-flex e-con-boxed e-con e-parent\" data-id=\"5390cd4\" data-element_type=\"container\">\n\t\t\t\t\t<div class=\"e-con-inner\">\n\t\t<div class=\"elementor-element elementor-element-ee4d314 e-con-full e-flex e-con e-child\" data-id=\"ee4d314\" data-element_type=\"container\">\n\t\t\t\t<div class=\"elementor-element elementor-element-f21e59c elementor-widget elementor-widget-image\" data-id=\"f21e59c\" data-element_type=\"widget\" data-widget_type=\"image.default\">\n\t\t\t\t<div class=\"elementor-widget-container\">\n\t\t\t\t\t\t\t\t\t\t\t\t\t\t\t<img decoding=\"async\" src=\"https:\/\/greendot.org\/wp-content\/uploads\/elementor\/thumbs\/6-qqixhgyq8jdo36e4pe077s9oy8zka87yrhxvxbwzt0.png\" title=\"6\" alt=\"6\" class=\"elementor-animation-shrink\" loading=\"lazy\" \/>\t\t\t\t\t\t\t\t\t\t\t\t\t\t\t<\/div>\n\t\t\t\t<\/div>\n\t\t\t\t<div class=\"elementor-element elementor-element-c0dc2f9 elementor-widget elementor-widget-heading\" data-id=\"c0dc2f9\" data-element_type=\"widget\" data-widget_type=\"heading.default\">\n\t\t\t\t<div class=\"elementor-widget-container\">\n\t\t\t\t\t<h2 class=\"elementor-heading-title elementor-size-default\">Claudio Ch\u00e1vez <\/h2>\t\t\t\t<\/div>\n\t\t\t\t<\/div>\n\t\t\t\t<div class=\"elementor-element elementor-element-3addf01 elementor-widget elementor-widget-heading\" data-id=\"3addf01\" data-element_type=\"widget\" data-widget_type=\"heading.default\">\n\t\t\t\t<div class=\"elementor-widget-container\">\n\t\t\t\t\t<h2 class=\"elementor-heading-title elementor-size-default\">Director, CWG Capital<\/h2>\t\t\t\t<\/div>\n\t\t\t\t<\/div>\n\t\t\t\t<\/div>\n\t\t<div class=\"elementor-element elementor-element-78bd984 e-con-full e-flex elementor-invisible e-con e-child\" data-id=\"78bd984\" data-element_type=\"container\" data-settings=\"{&quot;animation&quot;:&quot;fadeInRight&quot;}\">\n\t\t\t\t<div class=\"elementor-element elementor-element-34a252a elementor-hidden-tablet_extra elementor-hidden-tablet elementor-hidden-mobile_extra elementor-hidden-mobile elementor-widget elementor-widget-text-editor\" data-id=\"34a252a\" data-element_type=\"widget\" data-widget_type=\"text-editor.default\">\n\t\t\t\t<div class=\"elementor-widget-container\">\n\t\t\t\t\t\t\t\t\tClaudio Ch\u00e1vez tiene m\u00e1s de 20 a\u00f1os de experiencia en transacciones inmobiliarias comerciales e inversiones relacionadas. Actualmente es Director de CWG Capital. El Sr. Ch\u00e1vez fue anteriormente Consejero Delegado de Arch Bay Capital, LLC, una empresa de inversi\u00f3n y gesti\u00f3n de activos. Durante su estancia all\u00ed, fue responsable de la reestructuraci\u00f3n de la gesti\u00f3n de Arch Bay y de su direcci\u00f3n estrat\u00e9gica, incluida la estrategia de inversi\u00f3n y disposici\u00f3n y la gesti\u00f3n de las operaciones y las funciones de gesti\u00f3n de activos. El Sr. Ch\u00e1vez ejerci\u00f3 la abogac\u00eda privada durante m\u00e1s de 15 a\u00f1os, representando principalmente a inversores y prestamistas en transacciones inmobiliarias comerciales. Tambi\u00e9n fue socio de los bufetes internacionales DLA Piper US, LLP y Katten Muchin Rosenman, LLP. El Sr. Ch\u00e1vez obtuvo su doctorado en Derecho en la Universidad de California en Berkeley, Boalt Hall, y su licenciatura en el Pitzer College.\t\t\t\t\t\t\t\t<\/div>\n\t\t\t\t<\/div>\n\t\t<div class=\"elementor-element elementor-element-56b7927 e-con-full elementor-hidden-widescreen elementor-hidden-desktop elementor-hidden-laptop e-flex e-con e-child\" data-id=\"56b7927\" data-element_type=\"container\">\n\t\t\t\t<div class=\"elementor-element elementor-element-76a1b59 elementor-widget elementor-widget-text-editor\" data-id=\"76a1b59\" data-element_type=\"widget\" data-widget_type=\"text-editor.default\">\n\t\t\t\t<div class=\"elementor-widget-container\">\n\t\t\t\t\t\t\t\t\t<p>Claudio Ch\u00e1vez tiene m\u00e1s de 20 a\u00f1os de experiencia en transacciones inmobiliarias comerciales e inversiones relacionadas. Actualmente es Director de CWG Capital. El Sr. Ch\u00e1vez fue anteriormente Consejero Delegado de Arch Bay Capital, LLC, una empresa de inversi\u00f3n y gesti\u00f3n de activos. Durante su estancia all\u00ed, fue responsable de la gesti\u00f3n de la reestructuraci\u00f3n de Arch Bay<\/p>\n\t\t\t\t\t\t\t\t<\/div>\n\t\t\t\t<\/div>\n\t\t\t\t<div class=\"elementor-element elementor-element-733d6ca elementor-widget elementor-widget-bdt-toggle\" data-id=\"733d6ca\" data-element_type=\"widget\" data-widget_type=\"bdt-toggle.default\">\n\t\t\t\t<div class=\"elementor-widget-container\">\n\t\t\t\t\t\n        <div class=\"bdt-show-hide-container\">\n            <div id=\"bdt-show-hide-733d6ca\" class=\"bdt-show-hide\" data-settings=\"{&quot;id&quot;:&quot;733d6ca&quot;,&quot;status_scrollspy&quot;:&quot;no&quot;,&quot;scrollspy_top_offset&quot;:70,&quot;scrollspy_time&quot;:1000,&quot;toggle_initially_open&quot;:&quot; &quot;,&quot;by_widget_selector_status&quot;:&quot;no&quot;,&quot;viewport_lg&quot;:1023,&quot;viewport_md&quot;:767}\">\n                <div class=\"bdt-show-hide-item \">\n                    <div class=\"bdt-show-hide-content\">\n                         y su direcci\u00f3n estrat\u00e9gica, incluida la estrategia de inversi\u00f3n y disposici\u00f3n y la gesti\u00f3n de las operaciones y las funciones de gesti\u00f3n de activos. El Sr. Ch\u00e1vez ejerci\u00f3 la abogac\u00eda privada durante m\u00e1s de 15 a\u00f1os, representando principalmente a inversores y prestamistas en transacciones inmobiliarias comerciales. Tambi\u00e9n fue socio de los bufetes internacionales DLA Piper US, LLP y Katten Muchin Rosenman, LLP. El Sr. Ch\u00e1vez obtuvo su doctorado en Derecho en la Universidad de California en Berkeley, Boalt Hall, y su licenciatura en el Pitzer College.                    <\/div>\n\n                    <a class=\"bdt-show-hide-title\" href='javascript:void(0)'>\n                        <!--  -->\n                                                <!--  -->\n                        <span class=\"bdt-toggle-open\">\n                            Sigue leyendo                        <\/span>\n                        <span class=\"bdt-toggle-close\">\n                            Colapso                        <\/span>\n                        \n                    <\/a>\n                <\/div>\n            <\/div>\n        <\/div>\n\n\t\t\t\t<\/div>\n\t\t\t\t<\/div>\n\t\t\t\t<\/div>\n\t\t\t\t<\/div>\n\t\t\t\t\t<\/div>\n\t\t\t\t<\/div>\n\t\t<div class=\"elementor-element elementor-element-36531c8 e-flex e-con-boxed e-con e-parent\" data-id=\"36531c8\" data-element_type=\"container\">\n\t\t\t\t\t<div class=\"e-con-inner\">\n\t\t<div class=\"elementor-element elementor-element-4c70491 e-con-full e-flex e-con e-child\" data-id=\"4c70491\" data-element_type=\"container\">\n\t\t\t\t<div class=\"elementor-element elementor-element-c5d22f7 elementor-widget elementor-widget-image\" data-id=\"c5d22f7\" data-element_type=\"widget\" data-widget_type=\"image.default\">\n\t\t\t\t<div class=\"elementor-widget-container\">\n\t\t\t\t\t\t\t\t\t\t\t\t\t\t\t<img decoding=\"async\" src=\"https:\/\/greendot.org\/wp-content\/uploads\/elementor\/thumbs\/7-qqixhpf9y1p8zo1ubznuc84uaptv7i5jsnt98tkg90.png\" title=\"7\" alt=\"7\" class=\"elementor-animation-shrink\" loading=\"lazy\" \/>\t\t\t\t\t\t\t\t\t\t\t\t\t\t\t<\/div>\n\t\t\t\t<\/div>\n\t\t\t\t<div class=\"elementor-element elementor-element-3c16cb6 elementor-widget elementor-widget-heading\" data-id=\"3c16cb6\" data-element_type=\"widget\" data-widget_type=\"heading.default\">\n\t\t\t\t<div class=\"elementor-widget-container\">\n\t\t\t\t\t<h2 class=\"elementor-heading-title elementor-size-default\">Dr. Robert Cherry <\/h2>\t\t\t\t<\/div>\n\t\t\t\t<\/div>\n\t\t\t\t<div class=\"elementor-element elementor-element-0a9bd1e elementor-widget elementor-widget-heading\" data-id=\"0a9bd1e\" data-element_type=\"widget\" data-widget_type=\"heading.default\">\n\t\t\t\t<div class=\"elementor-widget-container\">\n\t\t\t\t\t<h2 class=\"elementor-heading-title elementor-size-default\">Director M\u00e9dico y de Calidad, UCLA Health <\/h2>\t\t\t\t<\/div>\n\t\t\t\t<\/div>\n\t\t\t\t<\/div>\n\t\t<div class=\"elementor-element elementor-element-8817297 e-con-full e-flex elementor-invisible e-con e-child\" data-id=\"8817297\" data-element_type=\"container\" data-settings=\"{&quot;animation&quot;:&quot;fadeInRight&quot;}\">\n\t\t\t\t<div class=\"elementor-element elementor-element-c514428 elementor-hidden-tablet_extra elementor-hidden-tablet elementor-hidden-mobile_extra elementor-hidden-mobile elementor-widget elementor-widget-text-editor\" data-id=\"c514428\" data-element_type=\"widget\" data-widget_type=\"text-editor.default\">\n\t\t\t\t<div class=\"elementor-widget-container\">\n\t\t\t\t\t\t\t\t\tEl Dr. Robert Cherry fue nombrado Director M\u00e9dico y de Calidad del Sistema de Salud de la UCLA en enero de 2014. Dependiente del Presidente de UCLA Health, el Director M\u00e9dico y de Calidad es responsable de los esfuerzos de mejora de la calidad en todo el sistema. La Dra. Cherry desarrolla enfoques de colaboraci\u00f3n para la calidad y la atenci\u00f3n basada en el valor para poblaciones en todo el continuo asistencial; coordina m\u00e9todos innovadores en el uso de la anal\u00edtica, la inform\u00e1tica y las t\u00e9cnicas computacionales avanzadas que est\u00e1n dise\u00f1adas para elevar la calidad cl\u00ednica, mejorar la experiencia del paciente y proporcionar valor a los pacientes. Antes de incorporarse a UCLA Health, la Dra. Cherry fue Directora de Efectividad Cl\u00ednica y Operativa de Navigant Consulting en Chicago. Tambi\u00e9n fue Director M\u00e9dico, Vicepresidente de Efectividad Cl\u00ednica y Profesor de Cirug\u00eda del Centro M\u00e9dico de la Universidad de Loyola. El Dr. Cherry se licenci\u00f3 en Medicina en la Universidad de Columbia y obtuvo un m\u00e1ster en Gesti\u00f3n Sanitaria en la Escuela de Salud P\u00fablica de la Universidad de Harvard.\t\t\t\t\t\t\t\t<\/div>\n\t\t\t\t<\/div>\n\t\t<div class=\"elementor-element elementor-element-15bd4e1 e-con-full elementor-hidden-widescreen elementor-hidden-desktop elementor-hidden-laptop e-flex e-con e-child\" data-id=\"15bd4e1\" data-element_type=\"container\">\n\t\t\t\t<div class=\"elementor-element elementor-element-a41123b elementor-widget elementor-widget-text-editor\" data-id=\"a41123b\" data-element_type=\"widget\" data-widget_type=\"text-editor.default\">\n\t\t\t\t<div class=\"elementor-widget-container\">\n\t\t\t\t\t\t\t\t\t<p>El Dr. Robert Cherry fue nombrado Director M\u00e9dico y de Calidad del Sistema de Salud de la UCLA en enero de 2014. Dependiente del Presidente de UCLA Health, el Director M\u00e9dico y de Calidad es responsable de los esfuerzos de mejora de la calidad en todo el sistema. La Dra. Cherry desarrolla enfoques de colaboraci\u00f3n para una atenci\u00f3n de calidad y basada en el valor para poblaciones en todo el continuo asistencial; <\/p>\n\t\t\t\t\t\t\t\t<\/div>\n\t\t\t\t<\/div>\n\t\t\t\t<div class=\"elementor-element elementor-element-2913393 elementor-widget elementor-widget-bdt-toggle\" data-id=\"2913393\" data-element_type=\"widget\" data-widget_type=\"bdt-toggle.default\">\n\t\t\t\t<div class=\"elementor-widget-container\">\n\t\t\t\t\t\n        <div class=\"bdt-show-hide-container\">\n            <div id=\"bdt-show-hide-2913393\" class=\"bdt-show-hide\" data-settings=\"{&quot;id&quot;:&quot;2913393&quot;,&quot;status_scrollspy&quot;:&quot;no&quot;,&quot;scrollspy_top_offset&quot;:70,&quot;scrollspy_time&quot;:1000,&quot;toggle_initially_open&quot;:&quot; &quot;,&quot;by_widget_selector_status&quot;:&quot;no&quot;,&quot;viewport_lg&quot;:1023,&quot;viewport_md&quot;:767}\">\n                <div class=\"bdt-show-hide-item \">\n                    <div class=\"bdt-show-hide-content\">\n                        coordina m\u00e9todos innovadores en el uso de la anal\u00edtica, la inform\u00e1tica y las t\u00e9cnicas computacionales avanzadas dise\u00f1adas para elevar la calidad cl\u00ednica, mejorar la experiencia del paciente y proporcionar valor a los pacientes. Antes de incorporarse a UCLA Health, la Dra. Cherry fue Directora de Efectividad Cl\u00ednica y Operativa de Navigant Consulting en Chicago. Tambi\u00e9n fue Director M\u00e9dico, Vicepresidente de Efectividad Cl\u00ednica y Profesor de Cirug\u00eda del Centro M\u00e9dico de la Universidad de Loyola. El Dr. Cherry se licenci\u00f3 en Medicina en la Universidad de Columbia y obtuvo un m\u00e1ster en Gesti\u00f3n Sanitaria en la Escuela de Salud P\u00fablica de la Universidad de Harvard.                    <\/div>\n\n                    <a class=\"bdt-show-hide-title\" href='javascript:void(0)'>\n                        <!--  -->\n                                                <!--  -->\n                        <span class=\"bdt-toggle-open\">\n                            Sigue leyendo                        <\/span>\n                        <span class=\"bdt-toggle-close\">\n                            Colapso                        <\/span>\n                        \n                    <\/a>\n                <\/div>\n            <\/div>\n        <\/div>\n\n\t\t\t\t<\/div>\n\t\t\t\t<\/div>\n\t\t\t\t<\/div>\n\t\t\t\t<\/div>\n\t\t\t\t\t<\/div>\n\t\t\t\t<\/div>\n\t\t<div class=\"elementor-element elementor-element-d8b3bcc e-flex e-con-boxed e-con e-parent\" data-id=\"d8b3bcc\" data-element_type=\"container\">\n\t\t\t\t\t<div class=\"e-con-inner\">\n\t\t<div class=\"elementor-element elementor-element-301d492 e-con-full e-flex e-con e-child\" data-id=\"301d492\" data-element_type=\"container\">\n\t\t\t\t<div class=\"elementor-element elementor-element-202f819 elementor-widget elementor-widget-image\" data-id=\"202f819\" data-element_type=\"widget\" data-widget_type=\"image.default\">\n\t\t\t\t<div class=\"elementor-widget-container\">\n\t\t\t\t\t\t\t\t\t\t\t\t\t\t\t<img decoding=\"async\" src=\"https:\/\/greendot.org\/wp-content\/uploads\/elementor\/thumbs\/4-qqixgvcfvck2o59j7mns4fq3ady4d6u50ixpvyt1s4.png\" title=\"4\" alt=\"4\" class=\"elementor-animation-shrink\" loading=\"lazy\" \/>\t\t\t\t\t\t\t\t\t\t\t\t\t\t\t<\/div>\n\t\t\t\t<\/div>\n\t\t\t\t<div class=\"elementor-element elementor-element-98eb7b1 elementor-widget elementor-widget-heading\" data-id=\"98eb7b1\" data-element_type=\"widget\" data-widget_type=\"heading.default\">\n\t\t\t\t<div class=\"elementor-widget-container\">\n\t\t\t\t\t<h2 class=\"elementor-heading-title elementor-size-default\">Ricardo Barrag\u00e1n<\/h2>\t\t\t\t<\/div>\n\t\t\t\t<\/div>\n\t\t\t\t<div class=\"elementor-element elementor-element-3a90830 elementor-widget elementor-widget-heading\" data-id=\"3a90830\" data-element_type=\"widget\" data-widget_type=\"heading.default\">\n\t\t\t\t<div class=\"elementor-widget-container\">\n\t\t\t\t\t<h2 class=\"elementor-heading-title elementor-size-default\">Director Gerente, Banco Privado J.P. Morgan<\/h2>\t\t\t\t<\/div>\n\t\t\t\t<\/div>\n\t\t\t\t<\/div>\n\t\t<div class=\"elementor-element elementor-element-f65caea e-con-full e-flex elementor-invisible e-con e-child\" data-id=\"f65caea\" data-element_type=\"container\" data-settings=\"{&quot;animation&quot;:&quot;fadeInRight&quot;}\">\n\t\t\t\t<div class=\"elementor-element elementor-element-105ac1b elementor-hidden-tablet_extra elementor-hidden-tablet elementor-hidden-mobile_extra elementor-hidden-mobile elementor-widget elementor-widget-text-editor\" data-id=\"105ac1b\" data-element_type=\"widget\" data-widget_type=\"text-editor.default\">\n\t\t\t\t<div class=\"elementor-widget-container\">\n\t\t\t\t\t\t\t\t\tRicardo Barrag\u00e1n es director general y banquero en la Banca Privada de la oficina de J.P Morgan en Los \u00c1ngeles. Cuenta con casi tres d\u00e9cadas de experiencia en el sector financiero y es responsable de asesorar a los clientes en una serie de asuntos relacionados con el patrimonio personal, como la gesti\u00f3n de inversiones, la construcci\u00f3n de carteras, la asignaci\u00f3n de activos, las soluciones crediticias, la planificaci\u00f3n patrimonial y las donaciones ben\u00e9ficas. Antes de incorporarse a la Banca Privada, el Sr. Barrag\u00e1n fue Director Senior de Ventas Delta One en J.P. Morgan en Nueva York. Se incorpor\u00f3 al Grupo de Derivados de Renta Variable como operador de swaps de renta variable y se convirti\u00f3 en Jefe de Ventas de la mesa de Financiaci\u00f3n de Renta Variable en 2002. El Sr. Barrag\u00e1n tambi\u00e9n fue responsable de las relaciones con los clientes en Latinoam\u00e9rica y Sud\u00e1frica para American Depositary Receipts en J.P. Morgan. En 1988, se incorpor\u00f3 a la empresa como becario en el equipo de Gesti\u00f3n Global del Riesgo de Cr\u00e9dito. El Sr. Barrag\u00e1n copresidi\u00f3 el Foro de Liderazgo Negro de Banca Corporativa y de Inversi\u00f3n de JP Morgan. Ha copresidido los Programas de Pr\u00e1cticas de Verano de Ventas y Comercio y ha trabajado en Contrataci\u00f3n de Diversidad en J.P. Morgan. El Sr. Barrag\u00e1n fue seleccionado como uno de los l\u00edderes ejecutivos \u00abTop 100 under 50\u00bb de la revista Diversity MBA. Tambi\u00e9n ha recibido el premio \u00abBlack Achievers in Industry\u00bb de la Harlem YMCA. El Sr. Barrag\u00e1n es licenciado por la Universidad Wesleyan y obtuvo un MBA en la Columbia Business School.\t\t\t\t\t\t\t\t<\/div>\n\t\t\t\t<\/div>\n\t\t<div class=\"elementor-element elementor-element-1570c9d e-con-full elementor-hidden-widescreen elementor-hidden-desktop elementor-hidden-laptop e-flex e-con e-child\" data-id=\"1570c9d\" data-element_type=\"container\">\n\t\t\t\t<div class=\"elementor-element elementor-element-c940ae1 elementor-widget elementor-widget-text-editor\" data-id=\"c940ae1\" data-element_type=\"widget\" data-widget_type=\"text-editor.default\">\n\t\t\t\t<div class=\"elementor-widget-container\">\n\t\t\t\t\t\t\t\t\t<p>Ricardo Barrag\u00e1n es director general y banquero en la Banca Privada de la oficina de J.P Morgan en Los \u00c1ngeles. Cuenta con casi tres d\u00e9cadas de experiencia en el sector financiero y es responsable de asesorar a los clientes en una serie de asuntos relacionados con el patrimonio personal, como la gesti\u00f3n de inversiones, la construcci\u00f3n de carteras, la asignaci\u00f3n de activos, las soluciones crediticias, la planificaci\u00f3n patrimonial y las donaciones ben\u00e9ficas.<\/p>\n\t\t\t\t\t\t\t\t<\/div>\n\t\t\t\t<\/div>\n\t\t\t\t<div class=\"elementor-element elementor-element-06162fb elementor-widget elementor-widget-bdt-toggle\" data-id=\"06162fb\" data-element_type=\"widget\" data-widget_type=\"bdt-toggle.default\">\n\t\t\t\t<div class=\"elementor-widget-container\">\n\t\t\t\t\t\n        <div class=\"bdt-show-hide-container\">\n            <div id=\"bdt-show-hide-06162fb\" class=\"bdt-show-hide\" data-settings=\"{&quot;id&quot;:&quot;06162fb&quot;,&quot;status_scrollspy&quot;:&quot;no&quot;,&quot;scrollspy_top_offset&quot;:70,&quot;scrollspy_time&quot;:1000,&quot;toggle_initially_open&quot;:&quot; &quot;,&quot;by_widget_selector_status&quot;:&quot;no&quot;,&quot;viewport_lg&quot;:1023,&quot;viewport_md&quot;:767}\">\n                <div class=\"bdt-show-hide-item \">\n                    <div class=\"bdt-show-hide-content\">\n                         Antes de incorporarse a la Banca Privada, el Sr. Barrag\u00e1n fue Director Senior de Ventas Delta One en J.P. Morgan en Nueva York. Se incorpor\u00f3 al Grupo de Derivados de Renta Variable como operador de swaps de renta variable y se convirti\u00f3 en Jefe de Ventas de la mesa de Financiaci\u00f3n de Renta Variable en 2002. El Sr. Barrag\u00e1n tambi\u00e9n fue responsable de las relaciones con los clientes en Latinoam\u00e9rica y Sud\u00e1frica para American Depositary Receipts en J.P. Morgan. En 1988, se incorpor\u00f3 a la empresa como becario en el equipo de Gesti\u00f3n Global del Riesgo de Cr\u00e9dito. El Sr. Barrag\u00e1n copresidi\u00f3 el Foro de Liderazgo Negro de Banca Corporativa y de Inversi\u00f3n de JP Morgan. Ha copresidido los Programas de Pr\u00e1cticas de Verano de Ventas y Comercio y ha trabajado en Contrataci\u00f3n de Diversidad en J.P. Morgan. El Sr. Barrag\u00e1n fue seleccionado como uno de los l\u00edderes ejecutivos \u00abTop 100 under 50\u00bb de la revista Diversity MBA. Tambi\u00e9n ha recibido el premio \u00abBlack Achievers in Industry\u00bb de la Harlem YMCA. El Sr. Barrag\u00e1n es licenciado por la Universidad Wesleyan y obtuvo un MBA en la Columbia Business School.                    <\/div>\n\n                    <a class=\"bdt-show-hide-title\" href='javascript:void(0)'>\n                        <!--  -->\n                                                <!--  -->\n                        <span class=\"bdt-toggle-open\">\n                            Sigue leyendo                        <\/span>\n                        <span class=\"bdt-toggle-close\">\n                            Colapso                        <\/span>\n                        \n                    <\/a>\n                <\/div>\n            <\/div>\n        <\/div>\n\n\t\t\t\t<\/div>\n\t\t\t\t<\/div>\n\t\t\t\t<\/div>\n\t\t\t\t<\/div>\n\t\t\t\t\t<\/div>\n\t\t\t\t<\/div>\n\t\t<div class=\"elementor-element elementor-element-02781b9 e-flex e-con-boxed e-con e-parent\" data-id=\"02781b9\" data-element_type=\"container\">\n\t\t\t\t\t<div class=\"e-con-inner\">\n\t\t<div class=\"elementor-element elementor-element-b42010d e-con-full e-flex e-con e-child\" data-id=\"b42010d\" data-element_type=\"container\">\n\t\t\t\t<div class=\"elementor-element elementor-element-850d986 elementor-widget elementor-widget-image\" data-id=\"850d986\" data-element_type=\"widget\" data-widget_type=\"image.default\">\n\t\t\t\t<div class=\"elementor-widget-container\">\n\t\t\t\t\t\t\t\t\t\t\t\t\t\t\t<img decoding=\"async\" src=\"https:\/\/greendot.org\/wp-content\/uploads\/elementor\/thumbs\/jason-qqgc514iy96v5xmabbj7ka3mo662pki9qv4r9wh2ro.png\" title=\"Jason Feuerstein\" alt=\"Jason Feuerstein\" class=\"elementor-animation-shrink\" loading=\"lazy\" \/>\t\t\t\t\t\t\t\t\t\t\t\t\t\t\t<\/div>\n\t\t\t\t<\/div>\n\t\t\t\t<div class=\"elementor-element elementor-element-1019c24 elementor-widget elementor-widget-heading\" data-id=\"1019c24\" data-element_type=\"widget\" data-widget_type=\"heading.default\">\n\t\t\t\t<div class=\"elementor-widget-container\">\n\t\t\t\t\t<h2 class=\"elementor-heading-title elementor-size-default\">Jason Feuerstein<\/h2>\t\t\t\t<\/div>\n\t\t\t\t<\/div>\n\t\t\t\t<div class=\"elementor-element elementor-element-8c46583 elementor-widget elementor-widget-heading\" data-id=\"8c46583\" data-element_type=\"widget\" data-widget_type=\"heading.default\">\n\t\t\t\t<div class=\"elementor-widget-container\">\n\t\t\t\t\t<h2 class=\"elementor-heading-title elementor-size-default\">Director General de Banca de Inversi\u00f3n en TMT, Bank of America<\/h2>\t\t\t\t<\/div>\n\t\t\t\t<\/div>\n\t\t\t\t<\/div>\n\t\t<div class=\"elementor-element elementor-element-cda65aa e-con-full e-flex elementor-invisible e-con e-child\" data-id=\"cda65aa\" data-element_type=\"container\" data-settings=\"{&quot;animation&quot;:&quot;fadeInRight&quot;}\">\n\t\t\t\t<div class=\"elementor-element elementor-element-a4f87bc elementor-hidden-tablet_extra elementor-hidden-tablet elementor-hidden-mobile_extra elementor-hidden-mobile elementor-widget elementor-widget-text-editor\" data-id=\"a4f87bc\" data-element_type=\"widget\" data-widget_type=\"text-editor.default\">\n\t\t\t\t<div class=\"elementor-widget-container\">\n\t\t\t\t\t\t\t\t\t<p>Jason Feuerstein vive en Los \u00c1ngeles y trabaja como banquero de inversiones en el Grupo TMT de Bank of America. Antes de dedicarse a la banca de inversi\u00f3n, Jason fue banquero comercial, dirigiendo el Grupo de Financiaci\u00f3n del Entretenimiento de Bank of America y trabajando en MUFG Union Bank. Feuerstein tambi\u00e9n ha trabajado en cine, televisi\u00f3n y producci\u00f3n comercial en Nueva York. Obtuvo su licenciatura en Literatura Inglesa y Filosof\u00eda en la Universidad de Washington y su MBA en la Universidad de Columbia.<\/p>\n\t\t\t\t\t\t\t\t<\/div>\n\t\t\t\t<\/div>\n\t\t<div class=\"elementor-element elementor-element-fd752db e-con-full elementor-hidden-widescreen elementor-hidden-desktop elementor-hidden-laptop e-flex e-con e-child\" data-id=\"fd752db\" data-element_type=\"container\">\n\t\t\t\t<div class=\"elementor-element elementor-element-8ab00aa elementor-widget elementor-widget-text-editor\" data-id=\"8ab00aa\" data-element_type=\"widget\" data-widget_type=\"text-editor.default\">\n\t\t\t\t<div class=\"elementor-widget-container\">\n\t\t\t\t\t\t\t\t\t<p>Jason Feuerstein vive en Los \u00c1ngeles y trabaja como banquero de inversiones en el Grupo TMT de Bank of America. Antes de dedicarse a la banca de inversi\u00f3n, Jason fue banquero comercial, dirigiendo el Grupo de Financiaci\u00f3n del Entretenimiento de Bank of America y trabajando en MUFG Union Bank. Feuerstein tambi\u00e9n ha trabajado en cine, televisi\u00f3n, <\/p>\n\t\t\t\t\t\t\t\t<\/div>\n\t\t\t\t<\/div>\n\t\t\t\t<div class=\"elementor-element elementor-element-d26ff34 elementor-widget elementor-widget-bdt-toggle\" data-id=\"d26ff34\" data-element_type=\"widget\" data-widget_type=\"bdt-toggle.default\">\n\t\t\t\t<div class=\"elementor-widget-container\">\n\t\t\t\t\t\n        <div class=\"bdt-show-hide-container\">\n            <div id=\"bdt-show-hide-d26ff34\" class=\"bdt-show-hide\" data-settings=\"{&quot;id&quot;:&quot;d26ff34&quot;,&quot;status_scrollspy&quot;:&quot;no&quot;,&quot;scrollspy_top_offset&quot;:70,&quot;scrollspy_time&quot;:1000,&quot;toggle_initially_open&quot;:&quot; &quot;,&quot;by_widget_selector_status&quot;:&quot;no&quot;,&quot;viewport_lg&quot;:1023,&quot;viewport_md&quot;:767}\">\n                <div class=\"bdt-show-hide-item \">\n                    <div class=\"bdt-show-hide-content\">\n                        y la producci\u00f3n comercial en Nueva York. Obtuvo su licenciatura en Literatura Inglesa y Filosof\u00eda en la Universidad de Washington y su MBA en la Universidad de Columbia.                     <\/div>\n\n                    <a class=\"bdt-show-hide-title\" href='javascript:void(0)'>\n                        <!--  -->\n                                                <!--  -->\n                        <span class=\"bdt-toggle-open\">\n                            Sigue leyendo                        <\/span>\n                        <span class=\"bdt-toggle-close\">\n                            Colapso                        <\/span>\n                        \n                    <\/a>\n                <\/div>\n            <\/div>\n        <\/div>\n\n\t\t\t\t<\/div>\n\t\t\t\t<\/div>\n\t\t\t\t<\/div>\n\t\t\t\t<\/div>\n\t\t\t\t\t<\/div>\n\t\t\t\t<\/div>\n\t\t<div class=\"elementor-element elementor-element-01b565b e-flex e-con-boxed e-con e-parent\" data-id=\"01b565b\" data-element_type=\"container\">\n\t\t\t\t\t<div class=\"e-con-inner\">\n\t\t<div class=\"elementor-element elementor-element-1e7a16c e-con-full e-flex e-con e-child\" data-id=\"1e7a16c\" data-element_type=\"container\">\n\t\t\t\t<div class=\"elementor-element elementor-element-4483a4b elementor-widget elementor-widget-image\" data-id=\"4483a4b\" data-element_type=\"widget\" data-widget_type=\"image.default\">\n\t\t\t\t<div class=\"elementor-widget-container\">\n\t\t\t\t\t\t\t\t\t\t\t\t\t\t\t<img decoding=\"async\" src=\"https:\/\/greendot.org\/wp-content\/uploads\/elementor\/thumbs\/9-qqixib1kb8iuep6ftr09fkofykvb4jjdjmtfa6oe9w.png\" title=\"9\" alt=\"9\" class=\"elementor-animation-shrink\" loading=\"lazy\" \/>\t\t\t\t\t\t\t\t\t\t\t\t\t\t\t<\/div>\n\t\t\t\t<\/div>\n\t\t\t\t<div class=\"elementor-element elementor-element-d18f0f1 elementor-widget elementor-widget-heading\" data-id=\"d18f0f1\" data-element_type=\"widget\" data-widget_type=\"heading.default\">\n\t\t\t\t<div class=\"elementor-widget-container\">\n\t\t\t\t\t<h2 class=\"elementor-heading-title elementor-size-default\">Rita Ravindra<\/h2>\t\t\t\t<\/div>\n\t\t\t\t<\/div>\n\t\t\t\t<div class=\"elementor-element elementor-element-b6754c4 elementor-widget elementor-widget-heading\" data-id=\"b6754c4\" data-element_type=\"widget\" data-widget_type=\"heading.default\">\n\t\t\t\t<div class=\"elementor-widget-container\">\n\t\t\t\t\t<h2 class=\"elementor-heading-title elementor-size-default\">Director de Operaciones, FitPlan<\/h2>\t\t\t\t<\/div>\n\t\t\t\t<\/div>\n\t\t\t\t<\/div>\n\t\t<div class=\"elementor-element elementor-element-58eec47 e-con-full e-flex elementor-invisible e-con e-child\" data-id=\"58eec47\" data-element_type=\"container\" data-settings=\"{&quot;animation&quot;:&quot;fadeInRight&quot;}\">\n\t\t\t\t<div class=\"elementor-element elementor-element-ae33668 elementor-hidden-tablet_extra elementor-hidden-tablet elementor-hidden-mobile_extra elementor-hidden-mobile elementor-widget elementor-widget-text-editor\" data-id=\"ae33668\" data-element_type=\"widget\" data-widget_type=\"text-editor.default\">\n\t\t\t\t<div class=\"elementor-widget-container\">\n\t\t\t\t\t\t\t\t\tRita Ravindra es una ejecutiva de empresas emergentes con experiencia en desarrollo empresarial, finanzas, recaudaci\u00f3n de fondos, estrategia y operaciones empresariales globales. Actualmente es Directora de Operaciones de FitPlan, una aplicaci\u00f3n de fitness por suscripci\u00f3n. Antes de FitPlan, Rita fund\u00f3 MiaMia Beauty, una plataforma social de belleza basada en datos para la generaci\u00f3n del milenio y la generaci\u00f3n Z. Anteriormente, fue vicepresidenta de Operaciones y Desarrollo Empresarial en otras dos empresas emergentes en fase inicial en Los \u00c1ngeles. En MySpace, Rita fue Vicepresidenta de Estrategia Internacional y Vicepresidenta de Desarrollo Empresarial. Comenz\u00f3 su carrera en banca de inversi\u00f3n. Rita obtuvo su MBA en la Escuela de Negocios Booth de la Universidad de Chicago y su licenciatura en Econom\u00eda en la UCLA.\t\t\t\t\t\t\t\t<\/div>\n\t\t\t\t<\/div>\n\t\t<div class=\"elementor-element elementor-element-dcd6774 e-con-full elementor-hidden-widescreen elementor-hidden-desktop elementor-hidden-laptop e-flex e-con e-child\" data-id=\"dcd6774\" data-element_type=\"container\">\n\t\t\t\t<div class=\"elementor-element elementor-element-0041c8e elementor-widget elementor-widget-text-editor\" data-id=\"0041c8e\" data-element_type=\"widget\" data-widget_type=\"text-editor.default\">\n\t\t\t\t<div class=\"elementor-widget-container\">\n\t\t\t\t\t\t\t\t\t<p>Rita Ravindra es una ejecutiva de empresas emergentes con experiencia en desarrollo empresarial, finanzas, recaudaci\u00f3n de fondos, estrategia y operaciones empresariales globales. Actualmente es Directora de Operaciones de FitPlan, una aplicaci\u00f3n de fitness por suscripci\u00f3n. Antes de FitPlan, Rita fund\u00f3 MiaMia Beauty, una plataforma social de belleza basada en datos para la generaci\u00f3n del milenio y la generaci\u00f3n Z. <\/p>\n\t\t\t\t\t\t\t\t<\/div>\n\t\t\t\t<\/div>\n\t\t\t\t<div class=\"elementor-element elementor-element-26ecaff elementor-widget elementor-widget-bdt-toggle\" data-id=\"26ecaff\" data-element_type=\"widget\" data-widget_type=\"bdt-toggle.default\">\n\t\t\t\t<div class=\"elementor-widget-container\">\n\t\t\t\t\t\n        <div class=\"bdt-show-hide-container\">\n            <div id=\"bdt-show-hide-26ecaff\" class=\"bdt-show-hide\" data-settings=\"{&quot;id&quot;:&quot;26ecaff&quot;,&quot;status_scrollspy&quot;:&quot;no&quot;,&quot;scrollspy_top_offset&quot;:70,&quot;scrollspy_time&quot;:1000,&quot;toggle_initially_open&quot;:&quot; &quot;,&quot;by_widget_selector_status&quot;:&quot;no&quot;,&quot;viewport_lg&quot;:1023,&quot;viewport_md&quot;:767}\">\n                <div class=\"bdt-show-hide-item \">\n                    <div class=\"bdt-show-hide-content\">\n                        Anteriormente, fue Vicepresidenta de Operaciones y Desarrollo Empresarial en otras dos start-ups en fase semilla en Los \u00c1ngeles. En MySpace, Rita fue Vicepresidenta de Estrategia Internacional y Vicepresidenta de Desarrollo Empresarial. Comenz\u00f3 su carrera en banca de inversi\u00f3n. Rita obtuvo su MBA en la Escuela de Negocios Booth de la Universidad de Chicago y su licenciatura en Econom\u00eda en la UCLA.                    <\/div>\n\n                    <a class=\"bdt-show-hide-title\" href='javascript:void(0)'>\n                        <!--  -->\n                                                <!--  -->\n                        <span class=\"bdt-toggle-open\">\n                            Sigue leyendo                        <\/span>\n                        <span class=\"bdt-toggle-close\">\n                            Colapso                        <\/span>\n                        \n                    <\/a>\n                <\/div>\n            <\/div>\n        <\/div>\n\n\t\t\t\t<\/div>\n\t\t\t\t<\/div>\n\t\t\t\t<\/div>\n\t\t\t\t<\/div>\n\t\t\t\t\t<\/div>\n\t\t\t\t<\/div>\n\t\t<div class=\"elementor-element elementor-element-7a4bc6b e-flex e-con-boxed e-con e-parent\" data-id=\"7a4bc6b\" data-element_type=\"container\">\n\t\t\t\t\t<div class=\"e-con-inner\">\n\t\t<div class=\"elementor-element elementor-element-a16090a e-con-full e-flex e-con e-child\" data-id=\"a16090a\" data-element_type=\"container\">\n\t\t\t\t<div class=\"elementor-element elementor-element-79ff5d4 elementor-widget elementor-widget-image\" data-id=\"79ff5d4\" data-element_type=\"widget\" data-widget_type=\"image.default\">\n\t\t\t\t<div class=\"elementor-widget-container\">\n\t\t\t\t\t\t\t\t\t\t\t\t\t\t\t<img decoding=\"async\" src=\"https:\/\/greendot.org\/wp-content\/uploads\/elementor\/thumbs\/LaTonia-qqgc506orf5kubnngt4kzsc62saphvejeqh9smigxw.png\" title=\"LaTonia Lopez\" alt=\"LaTonia Lopez\" class=\"elementor-animation-shrink\" loading=\"lazy\" \/>\t\t\t\t\t\t\t\t\t\t\t\t\t\t\t<\/div>\n\t\t\t\t<\/div>\n\t\t\t\t<div class=\"elementor-element elementor-element-009359b elementor-widget elementor-widget-heading\" data-id=\"009359b\" data-element_type=\"widget\" data-widget_type=\"heading.default\">\n\t\t\t\t<div class=\"elementor-widget-container\">\n\t\t\t\t\t<h2 class=\"elementor-heading-title elementor-size-default\">LaTonia L\u00f3pez <\/h2>\t\t\t\t<\/div>\n\t\t\t\t<\/div>\n\t\t\t\t<div class=\"elementor-element elementor-element-c6709d7 elementor-widget elementor-widget-heading\" data-id=\"c6709d7\" data-element_type=\"widget\" data-widget_type=\"heading.default\">\n\t\t\t\t<div class=\"elementor-widget-container\">\n\t\t\t\t\t<h2 class=\"elementor-heading-title elementor-size-default\">Presidente de la Asociaci\u00f3n de Empleados Clasificados de Animo (ACEA) <\/h2>\t\t\t\t<\/div>\n\t\t\t\t<\/div>\n\t\t\t\t<\/div>\n\t\t<div class=\"elementor-element elementor-element-82810a8 e-con-full e-flex elementor-invisible e-con e-child\" data-id=\"82810a8\" data-element_type=\"container\" data-settings=\"{&quot;animation&quot;:&quot;fadeInRight&quot;}\">\n\t\t\t\t<div class=\"elementor-element elementor-element-f663776 elementor-hidden-tablet_extra elementor-hidden-tablet elementor-hidden-mobile_extra elementor-hidden-mobile elementor-widget elementor-widget-text-editor\" data-id=\"f663776\" data-element_type=\"widget\" data-widget_type=\"text-editor.default\">\n\t\t\t\t<div class=\"elementor-widget-container\">\n\t\t\t\t\t\t\t\t\tLa Tonia L\u00f3pez es la Presidenta de la Asociaci\u00f3n de Empleados Clasificados \u00c1nimo (ACEA), una asociaci\u00f3n con empleados educativos y vocacionales de Green Dot. L\u00f3pez ha trabajado apasionadamente haciendo \u00abtrabajo de CORAZ\u00d3N, que es trabajo duro\u00bb en los sectores p\u00fablico y privado de la educaci\u00f3n del sur de Los \u00c1ngeles. Los esfuerzos de colaboraci\u00f3n de La Tonia han dado voz a los becarios, padres y empleados que son las partes interesadas de la organizaci\u00f3n. Su capacidad de defensa de las necesidades especiales de Green Dot, de los futuros becarios y de los l\u00edderes de la familia educativa \u00c1nimo lo dice todo. L\u00f3pez es muy ingeniosa cuando se trata de trabajar con escolares, padres y organizaciones comunitarias de la zona sur de Los \u00c1ngeles. La Sra. L\u00f3pez obtuvo un m\u00e1ster en educaci\u00f3n y liderazgo en la Universidad de Antioqu\u00eda.\t\t\t\t\t\t\t\t<\/div>\n\t\t\t\t<\/div>\n\t\t<div class=\"elementor-element elementor-element-c3931c8 e-con-full elementor-hidden-widescreen elementor-hidden-desktop elementor-hidden-laptop e-flex e-con e-child\" data-id=\"c3931c8\" data-element_type=\"container\">\n\t\t\t\t<div class=\"elementor-element elementor-element-7c4fd03 elementor-widget elementor-widget-text-editor\" data-id=\"7c4fd03\" data-element_type=\"widget\" data-widget_type=\"text-editor.default\">\n\t\t\t\t<div class=\"elementor-widget-container\">\n\t\t\t\t\t\t\t\t\t<p>La Tonia L\u00f3pez es la Presidenta de la Asociaci\u00f3n de Empleados Clasificados \u00c1nimo (ACEA), una asociaci\u00f3n con empleados educativos y vocacionales de Green Dot. L\u00f3pez ha trabajado apasionadamente haciendo \u00abtrabajo de CORAZ\u00d3N, que es trabajo duro\u00bb en los sectores p\u00fablico y privado de la educaci\u00f3n del sur de Los \u00c1ngeles. <\/p>\n\t\t\t\t\t\t\t\t<\/div>\n\t\t\t\t<\/div>\n\t\t\t\t<div class=\"elementor-element elementor-element-2945752 elementor-widget elementor-widget-bdt-toggle\" data-id=\"2945752\" data-element_type=\"widget\" data-widget_type=\"bdt-toggle.default\">\n\t\t\t\t<div class=\"elementor-widget-container\">\n\t\t\t\t\t\n        <div class=\"bdt-show-hide-container\">\n            <div id=\"bdt-show-hide-2945752\" class=\"bdt-show-hide\" data-settings=\"{&quot;id&quot;:&quot;2945752&quot;,&quot;status_scrollspy&quot;:&quot;no&quot;,&quot;scrollspy_top_offset&quot;:70,&quot;scrollspy_time&quot;:1000,&quot;toggle_initially_open&quot;:&quot; &quot;,&quot;by_widget_selector_status&quot;:&quot;no&quot;,&quot;viewport_lg&quot;:1023,&quot;viewport_md&quot;:767}\">\n                <div class=\"bdt-show-hide-item \">\n                    <div class=\"bdt-show-hide-content\">\n                        Los esfuerzos de colaboraci\u00f3n de La Tonia han dado voz a los alumnos, padres y empleados que son las partes interesadas de la organizaci\u00f3n. Su capacidad de defensa de las necesidades especiales de Green Dot, de los futuros becarios y de los l\u00edderes de la familia educativa \u00c1nimo lo dice todo. L\u00f3pez es muy ingeniosa cuando se trata de trabajar con alumnos, padres y organizaciones comunitarias de la zona sur de Los \u00c1ngeles. La Sra. L\u00f3pez obtuvo un m\u00e1ster en educaci\u00f3n y liderazgo en la Universidad de Antioqu\u00eda.                    <\/div>\n\n                    <a class=\"bdt-show-hide-title\" href='javascript:void(0)'>\n                        <!--  -->\n                                                <!--  -->\n                        <span class=\"bdt-toggle-open\">\n                            Sigue leyendo                        <\/span>\n                        <span class=\"bdt-toggle-close\">\n                            Colapso                        <\/span>\n                        \n                    <\/a>\n                <\/div>\n            <\/div>\n        <\/div>\n\n\t\t\t\t<\/div>\n\t\t\t\t<\/div>\n\t\t\t\t<\/div>\n\t\t\t\t<\/div>\n\t\t\t\t\t<\/div>\n\t\t\t\t<\/div>\n\t\t<div class=\"elementor-element elementor-element-4a71be8 e-con-full e-flex e-con e-parent\" data-id=\"4a71be8\" data-element_type=\"container\" data-settings=\"{&quot;background_background&quot;:&quot;classic&quot;}\">\n\t\t\t\t<div class=\"elementor-element elementor-element-678723d elementor-widget elementor-widget-heading\" data-id=\"678723d\" data-element_type=\"widget\" data-widget_type=\"heading.default\">\n\t\t\t\t<div class=\"elementor-widget-container\">\n\t\t\t\t\t<h2 class=\"elementor-heading-title elementor-size-default\">\u00bfQui\u00e9nes son nuestros l\u00edderes?<\/h2>\t\t\t\t<\/div>\n\t\t\t\t<\/div>\n\t\t\t\t<div class=\"elementor-element elementor-element-8ca48f4 elementor-widget elementor-widget-bdt-advanced-button\" data-id=\"8ca48f4\" data-element_type=\"widget\" data-widget_type=\"bdt-advanced-button.default\">\n\t\t\t\t<div class=\"elementor-widget-container\">\n\t\t\t\t\t\t\t<div class=\"bdt-ep-button-wrapper\">\n\t\t\t<a href=\"https:\/\/greendot.org\/es\/nuestro-liderazgo\/\" class=\"bdt-ep-button bdt-ep-button-effect-c bdt-ep-button-size-md elementor-animation-pop\">\n\t\t\t\t\t\t<div class=\"bdt-ep-button-content-wrapper bdt-flex bdt-flex-middle bdt-flex-center  \" data-text=\"Saber m\u00e1s\">\n\t\t\t\n\t\t\t<div class=\"bdt-ep-button-text\">\n\n\t\t\t\t<span class=\"avdbtn-text\">\n\t\t\t\t\tSaber m\u00e1s\t\t\t\t<\/span>\n\n\t\t\t\t\t\t\t<\/div>\n\n\t\t\t\n\t\t<\/div>\n\t\t\t\t\t<\/a>\n\t\t<\/div>\n\t\t\t\t\t\t<\/div>\n\t\t\t\t<\/div>\n\t\t\t\t<\/div>\n\t\t\t\t<\/div>\n\t\t","protected":false},"excerpt":{"rendered":"<p>Junta Directiva deGreen Dot Kevin S. Reed &#8211; Presidente del Consejo Vicepresidente y Consejero General de la Universidad de Oreg\u00f3n Kevin Reed [&hellip;]<\/p>\n","protected":false},"author":3,"featured_media":0,"parent":0,"menu_order":0,"comment_status":"closed","ping_status":"closed","template":"","meta":{"_monsterinsights_skip_tracking":false,"_monsterinsights_sitenote_active":false,"_monsterinsights_sitenote_note":"","_monsterinsights_sitenote_category":0,"footnotes":""},"class_list":["post-3001","page","type-page","status-publish","hentry"],"yoast_head":"<!-- This site is optimized with the Yoast SEO plugin v26.0 - https:\/\/yoast.com\/wordpress\/plugins\/seo\/ -->\n<title>Nuestro Consejo - Green Dot<\/title>\n<meta name=\"robots\" content=\"index, follow, max-snippet:-1, max-image-preview:large, max-video-preview:-1\" \/>\n<link rel=\"canonical\" href=\"https:\/\/greendot.org\/es\/nuestro-consejo\/\" \/>\n<meta property=\"og:locale\" content=\"es_ES\" \/>\n<meta property=\"og:type\" content=\"article\" \/>\n<meta property=\"og:title\" content=\"Nuestro Consejo - Green Dot\" \/>\n<meta property=\"og:description\" content=\"Junta Directiva deGreen Dot Kevin S. Reed &#8211; Presidente del Consejo Vicepresidente y Consejero General de la Universidad de Oreg\u00f3n Kevin Reed [&hellip;]\" \/>\n<meta property=\"og:url\" content=\"https:\/\/greendot.org\/es\/nuestro-consejo\/\" \/>\n<meta property=\"og:site_name\" content=\"Green Dot\" \/>\n<meta property=\"article:publisher\" content=\"https:\/\/www.facebook.com\/greendotschools\" \/>\n<meta property=\"article:modified_time\" content=\"2024-08-09T07:07:12+00:00\" \/>\n<meta property=\"og:image\" content=\"https:\/\/greendot.org\/wp-content\/uploads\/2024\/05\/circle_green.png?wsr\" \/>\n<meta name=\"twitter:card\" content=\"summary_large_image\" \/>\n<meta name=\"twitter:site\" content=\"@greendotschools\" \/>\n<meta name=\"twitter:label1\" content=\"Tiempo de lectura\" \/>\n\t<meta name=\"twitter:data1\" content=\"19 minutos\" \/>\n<script type=\"application\/ld+json\" class=\"yoast-schema-graph\">{\"@context\":\"https:\/\/schema.org\",\"@graph\":[{\"@type\":\"WebPage\",\"@id\":\"https:\/\/greendot.org\/es\/nuestro-consejo\/\",\"url\":\"https:\/\/greendot.org\/es\/nuestro-consejo\/\",\"name\":\"Nuestro Consejo - Green Dot\",\"isPartOf\":{\"@id\":\"https:\/\/greendot.org\/es\/#website\"},\"primaryImageOfPage\":{\"@id\":\"https:\/\/greendot.org\/es\/nuestro-consejo\/#primaryimage\"},\"image\":{\"@id\":\"https:\/\/greendot.org\/es\/nuestro-consejo\/#primaryimage\"},\"thumbnailUrl\":\"https:\/\/greendot.org\/wp-content\/uploads\/2024\/05\/circle_green.png?wsr\",\"datePublished\":\"2024-05-02T18:36:24+00:00\",\"dateModified\":\"2024-08-09T07:07:12+00:00\",\"breadcrumb\":{\"@id\":\"https:\/\/greendot.org\/es\/nuestro-consejo\/#breadcrumb\"},\"inLanguage\":\"es\",\"potentialAction\":[{\"@type\":\"ReadAction\",\"target\":[\"https:\/\/greendot.org\/es\/nuestro-consejo\/\"]}]},{\"@type\":\"ImageObject\",\"inLanguage\":\"es\",\"@id\":\"https:\/\/greendot.org\/es\/nuestro-consejo\/#primaryimage\",\"url\":\"https:\/\/greendot.org\/wp-content\/uploads\/2024\/05\/circle_green.png?wsr\",\"contentUrl\":\"https:\/\/greendot.org\/wp-content\/uploads\/2024\/05\/circle_green.png?wsr\"},{\"@type\":\"BreadcrumbList\",\"@id\":\"https:\/\/greendot.org\/es\/nuestro-consejo\/#breadcrumb\",\"itemListElement\":[{\"@type\":\"ListItem\",\"position\":1,\"name\":\"Home\",\"item\":\"https:\/\/greendot.org\/es\/\"},{\"@type\":\"ListItem\",\"position\":2,\"name\":\"Nuestro Consejo\"}]},{\"@type\":\"WebSite\",\"@id\":\"https:\/\/greendot.org\/es\/#website\",\"url\":\"https:\/\/greendot.org\/es\/\",\"name\":\"Green Dot\",\"description\":\"\",\"publisher\":{\"@id\":\"https:\/\/greendot.org\/es\/#organization\"},\"potentialAction\":[{\"@type\":\"SearchAction\",\"target\":{\"@type\":\"EntryPoint\",\"urlTemplate\":\"https:\/\/greendot.org\/es\/?s={search_term_string}\"},\"query-input\":{\"@type\":\"PropertyValueSpecification\",\"valueRequired\":true,\"valueName\":\"search_term_string\"}}],\"inLanguage\":\"es\"},{\"@type\":\"Organization\",\"@id\":\"https:\/\/greendot.org\/es\/#organization\",\"name\":\"Green Dot\",\"url\":\"https:\/\/greendot.org\/es\/\",\"logo\":{\"@type\":\"ImageObject\",\"inLanguage\":\"es\",\"@id\":\"https:\/\/greendot.org\/es\/#\/schema\/logo\/image\/\",\"url\":\"https:\/\/greendot.org\/wp-content\/uploads\/2024\/04\/25yr-logo-GD-white.png?wsr\",\"contentUrl\":\"https:\/\/greendot.org\/wp-content\/uploads\/2024\/04\/25yr-logo-GD-white.png?wsr\",\"width\":350,\"height\":100,\"caption\":\"Green Dot\"},\"image\":{\"@id\":\"https:\/\/greendot.org\/es\/#\/schema\/logo\/image\/\"},\"sameAs\":[\"https:\/\/www.facebook.com\/greendotschools\",\"https:\/\/x.com\/greendotschools\",\"https:\/\/www.instagram.com\/greendotschools\/\"]}]}<\/script>\n<!-- \/ Yoast SEO plugin. -->","yoast_head_json":{"title":"Nuestro Consejo - Green Dot","robots":{"index":"index","follow":"follow","max-snippet":"max-snippet:-1","max-image-preview":"max-image-preview:large","max-video-preview":"max-video-preview:-1"},"canonical":"https:\/\/greendot.org\/es\/nuestro-consejo\/","og_locale":"es_ES","og_type":"article","og_title":"Nuestro Consejo - Green Dot","og_description":"Junta Directiva deGreen Dot Kevin S. Reed &#8211; Presidente del Consejo Vicepresidente y Consejero General de la Universidad de Oreg\u00f3n Kevin Reed [&hellip;]","og_url":"https:\/\/greendot.org\/es\/nuestro-consejo\/","og_site_name":"Green Dot","article_publisher":"https:\/\/www.facebook.com\/greendotschools","article_modified_time":"2024-08-09T07:07:12+00:00","og_image":[{"url":"https:\/\/greendot.org\/wp-content\/uploads\/2024\/05\/circle_green.png?wsr","type":"","width":"","height":""}],"twitter_card":"summary_large_image","twitter_site":"@greendotschools","twitter_misc":{"Tiempo de lectura":"19 minutos"},"schema":{"@context":"https:\/\/schema.org","@graph":[{"@type":"WebPage","@id":"https:\/\/greendot.org\/es\/nuestro-consejo\/","url":"https:\/\/greendot.org\/es\/nuestro-consejo\/","name":"Nuestro Consejo - Green Dot","isPartOf":{"@id":"https:\/\/greendot.org\/es\/#website"},"primaryImageOfPage":{"@id":"https:\/\/greendot.org\/es\/nuestro-consejo\/#primaryimage"},"image":{"@id":"https:\/\/greendot.org\/es\/nuestro-consejo\/#primaryimage"},"thumbnailUrl":"https:\/\/greendot.org\/wp-content\/uploads\/2024\/05\/circle_green.png?wsr","datePublished":"2024-05-02T18:36:24+00:00","dateModified":"2024-08-09T07:07:12+00:00","breadcrumb":{"@id":"https:\/\/greendot.org\/es\/nuestro-consejo\/#breadcrumb"},"inLanguage":"es","potentialAction":[{"@type":"ReadAction","target":["https:\/\/greendot.org\/es\/nuestro-consejo\/"]}]},{"@type":"ImageObject","inLanguage":"es","@id":"https:\/\/greendot.org\/es\/nuestro-consejo\/#primaryimage","url":"https:\/\/greendot.org\/wp-content\/uploads\/2024\/05\/circle_green.png?wsr","contentUrl":"https:\/\/greendot.org\/wp-content\/uploads\/2024\/05\/circle_green.png?wsr"},{"@type":"BreadcrumbList","@id":"https:\/\/greendot.org\/es\/nuestro-consejo\/#breadcrumb","itemListElement":[{"@type":"ListItem","position":1,"name":"Home","item":"https:\/\/greendot.org\/es\/"},{"@type":"ListItem","position":2,"name":"Nuestro Consejo"}]},{"@type":"WebSite","@id":"https:\/\/greendot.org\/es\/#website","url":"https:\/\/greendot.org\/es\/","name":"Green Dot","description":"","publisher":{"@id":"https:\/\/greendot.org\/es\/#organization"},"potentialAction":[{"@type":"SearchAction","target":{"@type":"EntryPoint","urlTemplate":"https:\/\/greendot.org\/es\/?s={search_term_string}"},"query-input":{"@type":"PropertyValueSpecification","valueRequired":true,"valueName":"search_term_string"}}],"inLanguage":"es"},{"@type":"Organization","@id":"https:\/\/greendot.org\/es\/#organization","name":"Green Dot","url":"https:\/\/greendot.org\/es\/","logo":{"@type":"ImageObject","inLanguage":"es","@id":"https:\/\/greendot.org\/es\/#\/schema\/logo\/image\/","url":"https:\/\/greendot.org\/wp-content\/uploads\/2024\/04\/25yr-logo-GD-white.png?wsr","contentUrl":"https:\/\/greendot.org\/wp-content\/uploads\/2024\/04\/25yr-logo-GD-white.png?wsr","width":350,"height":100,"caption":"Green Dot"},"image":{"@id":"https:\/\/greendot.org\/es\/#\/schema\/logo\/image\/"},"sameAs":["https:\/\/www.facebook.com\/greendotschools","https:\/\/x.com\/greendotschools","https:\/\/www.instagram.com\/greendotschools\/"]}]}},"_links":{"self":[{"href":"https:\/\/greendot.org\/es\/wp-json\/wp\/v2\/pages\/3001","targetHints":{"allow":["GET"]}}],"collection":[{"href":"https:\/\/greendot.org\/es\/wp-json\/wp\/v2\/pages"}],"about":[{"href":"https:\/\/greendot.org\/es\/wp-json\/wp\/v2\/types\/page"}],"author":[{"embeddable":true,"href":"https:\/\/greendot.org\/es\/wp-json\/wp\/v2\/users\/3"}],"replies":[{"embeddable":true,"href":"https:\/\/greendot.org\/es\/wp-json\/wp\/v2\/comments?post=3001"}],"version-history":[{"count":0,"href":"https:\/\/greendot.org\/es\/wp-json\/wp\/v2\/pages\/3001\/revisions"}],"wp:attachment":[{"href":"https:\/\/greendot.org\/es\/wp-json\/wp\/v2\/media?parent=3001"}],"curies":[{"name":"wp","href":"https:\/\/api.w.org\/{rel}","templated":true}]}}